{"id":11759,"date":"2025-08-26T14:56:07","date_gmt":"2025-08-26T14:56:07","guid":{"rendered":"https:\/\/sunsauna.fi\/glasvagg-i-full-hojd-for-bastu\/"},"modified":"2025-08-28T11:40:22","modified_gmt":"2025-08-28T11:40:22","slug":"glasvagg-i-full-hojd-for-bastu","status":"publish","type":"page","link":"https:\/\/sunsauna.fi\/sv\/produkter\/glasvaggar-och-bastudorrar-for-bastu\/glasvagg-i-full-hojd-for-bastu\/","title":{"rendered":"Glasv\u00e4gg i full h\u00f6jd f\u00f6r bastu"},"content":{"rendered":"<section class=\"block block-herosub\">\r\n            <div class=\"hero-media\">\r\n            <img decoding=\"async\" src=\"https:\/\/sunsauna.fi\/wp-content\/uploads\/2018\/03\/Relax_lauteet_kirkas_lasiseina_saunassa_tulikivi_kiuas-1-891x593.jpg\" alt=\"\" width=\"1623\" height=\"1080\" srcset=\"https:\/\/sunsauna.fi\/wp-content\/uploads\/2018\/03\/Relax_lauteet_kirkas_lasiseina_saunassa_tulikivi_kiuas-1-300x200.jpg 300w, https:\/\/sunsauna.fi\/wp-content\/uploads\/2018\/03\/Relax_lauteet_kirkas_lasiseina_saunassa_tulikivi_kiuas-1-600x399.jpg 600w, https:\/\/sunsauna.fi\/wp-content\/uploads\/2018\/03\/Relax_lauteet_kirkas_lasiseina_saunassa_tulikivi_kiuas-1-412x274.jpg 412w, https:\/\/sunsauna.fi\/wp-content\/uploads\/2018\/03\/Relax_lauteet_kirkas_lasiseina_saunassa_tulikivi_kiuas-1-768x511.jpg 768w, https:\/\/sunsauna.fi\/wp-content\/uploads\/2018\/03\/Relax_lauteet_kirkas_lasiseina_saunassa_tulikivi_kiuas-1-1024x681.jpg 1024w, https:\/\/sunsauna.fi\/wp-content\/uploads\/2018\/03\/Relax_lauteet_kirkas_lasiseina_saunassa_tulikivi_kiuas-1-1536x1022.jpg 1536w, https:\/\/sunsauna.fi\/wp-content\/uploads\/2018\/03\/Relax_lauteet_kirkas_lasiseina_saunassa_tulikivi_kiuas-1-891x593.jpg 891w, https:\/\/sunsauna.fi\/wp-content\/uploads\/2018\/03\/Relax_lauteet_kirkas_lasiseina_saunassa_tulikivi_kiuas-1-714x475.jpg 714w, https:\/\/sunsauna.fi\/wp-content\/uploads\/2018\/03\/Relax_lauteet_kirkas_lasiseina_saunassa_tulikivi_kiuas-1-590x393.jpg 590w, https:\/\/sunsauna.fi\/wp-content\/uploads\/2018\/03\/Relax_lauteet_kirkas_lasiseina_saunassa_tulikivi_kiuas-1-367x245.jpg 367w, https:\/\/sunsauna.fi\/wp-content\/uploads\/2018\/03\/Relax_lauteet_kirkas_lasiseina_saunassa_tulikivi_kiuas-1.jpg 1623w\" data-no-lazy=\"1\" fetchpriority=\"high\">        <\/div>\r\n    \r\n    <div class=\"hero-content\">\r\n        <div class=\"container\">\r\n            <div class=\"content-container\">\r\n                \n<div class=\"wp-block-wds-herosub\">\n<h1 class=\"wp-block-heading has-text-align-center\">Glasv\u00e4gg i full h\u00f6jd f\u00f6r bastu<\/h1>\n<\/div>\n            <\/div>\r\n            <div class=\"breadcrumbs-container\"><ol itemscope itemtype=\"https:\/\/schema.org\/BreadcrumbList\"><li itemprop=\"itemListElement\" itemscope itemtype=\"https:\/\/schema.org\/ListItem\"><a itemprop=\"item\" href=\"https:\/\/sunsauna.fi\/sv\/\"><span itemprop=\"name\">Sun Sauna<\/span><\/a><meta itemprop=\"position\" content=\"0\" \/><\/li><\/ol><\/div>        <\/div>\r\n        <span class=\"scroll-down\"><\/span>\r\n    <\/div>\r\n<\/section>\n\n<section class=\"block block-gallery\">\r\n    <div class=\"container\">\r\n        <div class=\"gallery-content reveal\">\r\n            \r\n            <div class=\"gallery gallery-regular\" id=\"gallery-69f2653c0c142\">\r\n                \r\n                <!-- Main gallery display -->\r\n                <a href=\"https:\/\/sunsauna.fi\/wp-content\/uploads\/2025\/08\/59601884_2472197892844303_6794871225593102336_n.jpg\" class=\"lightbox gallery-fullsize\">\r\n                    <img loading=\"lazy\" decoding=\"async\"\r\n                        src=\"https:\/\/sunsauna.fi\/wp-content\/uploads\/2025\/08\/59601884_2472197892844303_6794871225593102336_n.jpg\"\r\n                        alt=\"\"\r\n                                                srcset=\"https:\/\/sunsauna.fi\/wp-content\/uploads\/2025\/08\/59601884_2472197892844303_6794871225593102336_n-300x169.jpg 300w, https:\/\/sunsauna.fi\/wp-content\/uploads\/2025\/08\/59601884_2472197892844303_6794871225593102336_n-600x337.jpg 600w, https:\/\/sunsauna.fi\/wp-content\/uploads\/2025\/08\/59601884_2472197892844303_6794871225593102336_n-412x232.jpg 412w, https:\/\/sunsauna.fi\/wp-content\/uploads\/2025\/08\/59601884_2472197892844303_6794871225593102336_n-768x432.jpg 768w, https:\/\/sunsauna.fi\/wp-content\/uploads\/2025\/08\/59601884_2472197892844303_6794871225593102336_n-1024x576.jpg 1024w, https:\/\/sunsauna.fi\/wp-content\/uploads\/2025\/08\/59601884_2472197892844303_6794871225593102336_n-1536x864.jpg 1536w, https:\/\/sunsauna.fi\/wp-content\/uploads\/2025\/08\/59601884_2472197892844303_6794871225593102336_n-1055x593.jpg 1055w, https:\/\/sunsauna.fi\/wp-content\/uploads\/2025\/08\/59601884_2472197892844303_6794871225593102336_n-714x401.jpg 714w, https:\/\/sunsauna.fi\/wp-content\/uploads\/2025\/08\/59601884_2472197892844303_6794871225593102336_n-590x332.jpg 590w, https:\/\/sunsauna.fi\/wp-content\/uploads\/2025\/08\/59601884_2472197892844303_6794871225593102336_n-846x476.jpg 846w, https:\/\/sunsauna.fi\/wp-content\/uploads\/2025\/08\/59601884_2472197892844303_6794871225593102336_n.jpg 1567w\"\r\n                                                width=\"1567\"\r\n                        height=\"881\">\r\n                <\/a>\r\n\r\n                <!-- Thumbnail slider -->\r\n                <div class=\"glide gallery-slider\" data-uid=\"gallery-69f2653c0c142\">\r\n                    <div class=\"glide__track\" data-glide-el=\"track\">\r\n                        <div class=\"glide__slides\">\r\n                                                            <div class=\"glide__slide\">\r\n                                    <a href=\"https:\/\/sunsauna.fi\/wp-content\/uploads\/2025\/08\/59601884_2472197892844303_6794871225593102336_n.jpg\" class=\"lightbox gallery-thumbnail\">\r\n                                        <img loading=\"lazy\" decoding=\"async\"\r\n                                            src=\"https:\/\/sunsauna.fi\/wp-content\/uploads\/2025\/08\/59601884_2472197892844303_6794871225593102336_n.jpg\"\r\n                                            alt=\"\"\r\n                                                                                        srcset=\"https:\/\/sunsauna.fi\/wp-content\/uploads\/2025\/08\/59601884_2472197892844303_6794871225593102336_n-300x169.jpg 300w, https:\/\/sunsauna.fi\/wp-content\/uploads\/2025\/08\/59601884_2472197892844303_6794871225593102336_n-600x337.jpg 600w, https:\/\/sunsauna.fi\/wp-content\/uploads\/2025\/08\/59601884_2472197892844303_6794871225593102336_n-412x232.jpg 412w, https:\/\/sunsauna.fi\/wp-content\/uploads\/2025\/08\/59601884_2472197892844303_6794871225593102336_n-768x432.jpg 768w, https:\/\/sunsauna.fi\/wp-content\/uploads\/2025\/08\/59601884_2472197892844303_6794871225593102336_n-1024x576.jpg 1024w, https:\/\/sunsauna.fi\/wp-content\/uploads\/2025\/08\/59601884_2472197892844303_6794871225593102336_n-1536x864.jpg 1536w, https:\/\/sunsauna.fi\/wp-content\/uploads\/2025\/08\/59601884_2472197892844303_6794871225593102336_n-1055x593.jpg 1055w, https:\/\/sunsauna.fi\/wp-content\/uploads\/2025\/08\/59601884_2472197892844303_6794871225593102336_n-714x401.jpg 714w, https:\/\/sunsauna.fi\/wp-content\/uploads\/2025\/08\/59601884_2472197892844303_6794871225593102336_n-590x332.jpg 590w, https:\/\/sunsauna.fi\/wp-content\/uploads\/2025\/08\/59601884_2472197892844303_6794871225593102336_n-846x476.jpg 846w, https:\/\/sunsauna.fi\/wp-content\/uploads\/2025\/08\/59601884_2472197892844303_6794871225593102336_n.jpg 1567w\"\r\n                                                                                        width=\"1567\"\r\n                                            height=\"881\">\r\n                                    <\/a>\r\n                                <\/div>\r\n                                                            <div class=\"glide__slide\">\r\n                                    <a href=\"https:\/\/sunsauna.fi\/wp-content\/uploads\/2025\/08\/IMG-20221111-WA0011.jpg\" class=\"lightbox gallery-thumbnail\">\r\n                                        <img loading=\"lazy\" decoding=\"async\"\r\n                                            src=\"https:\/\/sunsauna.fi\/wp-content\/uploads\/2025\/08\/IMG-20221111-WA0011.jpg\"\r\n                                            alt=\"\"\r\n                                                                                        srcset=\"https:\/\/sunsauna.fi\/wp-content\/uploads\/2025\/08\/IMG-20221111-WA0011-300x225.jpg 300w, https:\/\/sunsauna.fi\/wp-content\/uploads\/2025\/08\/IMG-20221111-WA0011-600x450.jpg 600w, https:\/\/sunsauna.fi\/wp-content\/uploads\/2025\/08\/IMG-20221111-WA0011-412x309.jpg 412w, https:\/\/sunsauna.fi\/wp-content\/uploads\/2025\/08\/IMG-20221111-WA0011-768x576.jpg 768w, https:\/\/sunsauna.fi\/wp-content\/uploads\/2025\/08\/IMG-20221111-WA0011-1024x768.jpg 1024w, https:\/\/sunsauna.fi\/wp-content\/uploads\/2025\/08\/IMG-20221111-WA0011-1536x1152.jpg 1536w, https:\/\/sunsauna.fi\/wp-content\/uploads\/2025\/08\/IMG-20221111-WA0011-1920x1440.jpg 1920w, https:\/\/sunsauna.fi\/wp-content\/uploads\/2025\/08\/IMG-20221111-WA0011-791x593.jpg 791w, https:\/\/sunsauna.fi\/wp-content\/uploads\/2025\/08\/IMG-20221111-WA0011-708x531.jpg 708w, https:\/\/sunsauna.fi\/wp-content\/uploads\/2025\/08\/IMG-20221111-WA0011-590x443.jpg 590w, https:\/\/sunsauna.fi\/wp-content\/uploads\/2025\/08\/IMG-20221111-WA0011.jpg 2000w\"\r\n                                                                                        width=\"2000\"\r\n                                            height=\"1500\">\r\n                                    <\/a>\r\n                                <\/div>\r\n                                                            <div class=\"glide__slide\">\r\n                                    <a href=\"https:\/\/sunsauna.fi\/wp-content\/uploads\/2025\/08\/vastakkainen-relax-pystyverhoilu-1.jpg\" class=\"lightbox gallery-thumbnail\">\r\n                                        <img loading=\"lazy\" decoding=\"async\"\r\n                                            src=\"https:\/\/sunsauna.fi\/wp-content\/uploads\/2025\/08\/vastakkainen-relax-pystyverhoilu-1.jpg\"\r\n                                            alt=\"\"\r\n                                                                                        srcset=\"https:\/\/sunsauna.fi\/wp-content\/uploads\/2025\/08\/vastakkainen-relax-pystyverhoilu-1-225x300.jpg 225w, https:\/\/sunsauna.fi\/wp-content\/uploads\/2025\/08\/vastakkainen-relax-pystyverhoilu-1-600x800.jpg 600w, https:\/\/sunsauna.fi\/wp-content\/uploads\/2025\/08\/vastakkainen-relax-pystyverhoilu-1-768x1024.jpg 768w, https:\/\/sunsauna.fi\/wp-content\/uploads\/2025\/08\/vastakkainen-relax-pystyverhoilu-1-1152x1536.jpg 1152w, https:\/\/sunsauna.fi\/wp-content\/uploads\/2025\/08\/vastakkainen-relax-pystyverhoilu-1-1440x1920.jpg 1440w, https:\/\/sunsauna.fi\/wp-content\/uploads\/2025\/08\/vastakkainen-relax-pystyverhoilu-1-445x593.jpg 445w, https:\/\/sunsauna.fi\/wp-content\/uploads\/2025\/08\/vastakkainen-relax-pystyverhoilu-1-398x531.jpg 398w, https:\/\/sunsauna.fi\/wp-content\/uploads\/2025\/08\/vastakkainen-relax-pystyverhoilu-1-443x590.jpg 443w, https:\/\/sunsauna.fi\/wp-content\/uploads\/2025\/08\/vastakkainen-relax-pystyverhoilu-1.jpg 1536w\"\r\n                                                                                        width=\"1536\"\r\n                                            height=\"2048\">\r\n                                    <\/a>\r\n                                <\/div>\r\n                                                            <div class=\"glide__slide\">\r\n                                    <a href=\"https:\/\/sunsauna.fi\/wp-content\/uploads\/2025\/08\/20250409_133210-scaled-1.jpg\" class=\"lightbox gallery-thumbnail\">\r\n                                        <img loading=\"lazy\" decoding=\"async\"\r\n                                            src=\"https:\/\/sunsauna.fi\/wp-content\/uploads\/2025\/08\/20250409_133210-scaled-1.jpg\"\r\n                                            alt=\"\"\r\n                                                                                        srcset=\"https:\/\/sunsauna.fi\/wp-content\/uploads\/2025\/08\/20250409_133210-scaled-1-300x169.jpg 300w, https:\/\/sunsauna.fi\/wp-content\/uploads\/2025\/08\/20250409_133210-scaled-1-600x338.jpg 600w, https:\/\/sunsauna.fi\/wp-content\/uploads\/2025\/08\/20250409_133210-scaled-1-1024x576.jpg 1024w, https:\/\/sunsauna.fi\/wp-content\/uploads\/2025\/08\/20250409_133210-scaled-1-768x432.jpg 768w, https:\/\/sunsauna.fi\/wp-content\/uploads\/2025\/08\/20250409_133210-scaled-1-1536x865.jpg 1536w, https:\/\/sunsauna.fi\/wp-content\/uploads\/2025\/08\/20250409_133210-scaled-1-2048x1153.jpg 2048w, https:\/\/sunsauna.fi\/wp-content\/uploads\/2025\/08\/20250409_133210-scaled-1-1920x1081.jpg 1920w, https:\/\/sunsauna.fi\/wp-content\/uploads\/2025\/08\/20250409_133210-scaled-1-1053x593.jpg 1053w, https:\/\/sunsauna.fi\/wp-content\/uploads\/2025\/08\/20250409_133210-scaled-1-714x402.jpg 714w, https:\/\/sunsauna.fi\/wp-content\/uploads\/2025\/08\/20250409_133210-scaled-1-590x332.jpg 590w, https:\/\/sunsauna.fi\/wp-content\/uploads\/2025\/08\/20250409_133210-scaled-1-846x476.jpg 846w\"\r\n                                                                                        width=\"2560\"\r\n                                            height=\"1441\">\r\n                                    <\/a>\r\n                                <\/div>\r\n                                                            <div class=\"glide__slide\">\r\n                                    <a href=\"https:\/\/sunsauna.fi\/wp-content\/uploads\/2025\/08\/IMG-20220920-WA0004.jpg\" class=\"lightbox gallery-thumbnail\">\r\n                                        <img loading=\"lazy\" decoding=\"async\"\r\n                                            src=\"https:\/\/sunsauna.fi\/wp-content\/uploads\/2025\/08\/IMG-20220920-WA0004.jpg\"\r\n                                            alt=\"\"\r\n                                                                                        srcset=\"https:\/\/sunsauna.fi\/wp-content\/uploads\/2025\/08\/IMG-20220920-WA0004-225x300.jpg 225w, https:\/\/sunsauna.fi\/wp-content\/uploads\/2025\/08\/IMG-20220920-WA0004-600x800.jpg 600w, https:\/\/sunsauna.fi\/wp-content\/uploads\/2025\/08\/IMG-20220920-WA0004-412x549.jpg 412w, https:\/\/sunsauna.fi\/wp-content\/uploads\/2025\/08\/IMG-20220920-WA0004-768x1024.jpg 768w, https:\/\/sunsauna.fi\/wp-content\/uploads\/2025\/08\/IMG-20220920-WA0004-1152x1536.jpg 1152w, https:\/\/sunsauna.fi\/wp-content\/uploads\/2025\/08\/IMG-20220920-WA0004-1440x1920.jpg 1440w, https:\/\/sunsauna.fi\/wp-content\/uploads\/2025\/08\/IMG-20220920-WA0004-445x593.jpg 445w, https:\/\/sunsauna.fi\/wp-content\/uploads\/2025\/08\/IMG-20220920-WA0004-398x531.jpg 398w, https:\/\/sunsauna.fi\/wp-content\/uploads\/2025\/08\/IMG-20220920-WA0004-443x590.jpg 443w, https:\/\/sunsauna.fi\/wp-content\/uploads\/2025\/08\/IMG-20220920-WA0004.jpg 1536w\"\r\n                                                                                        width=\"1536\"\r\n                                            height=\"2048\">\r\n                                    <\/a>\r\n                                <\/div>\r\n                                                            <div class=\"glide__slide\">\r\n                                    <a href=\"https:\/\/sunsauna.fi\/wp-content\/uploads\/2025\/08\/IMG-20221101-WA0000-1.jpg\" class=\"lightbox gallery-thumbnail\">\r\n                                        <img loading=\"lazy\" decoding=\"async\"\r\n                                            src=\"https:\/\/sunsauna.fi\/wp-content\/uploads\/2025\/08\/IMG-20221101-WA0000-1.jpg\"\r\n                                            alt=\"\"\r\n                                                                                        srcset=\"https:\/\/sunsauna.fi\/wp-content\/uploads\/2025\/08\/IMG-20221101-WA0000-1-266x300.jpg 266w, https:\/\/sunsauna.fi\/wp-content\/uploads\/2025\/08\/IMG-20221101-WA0000-1-600x676.jpg 600w, https:\/\/sunsauna.fi\/wp-content\/uploads\/2025\/08\/IMG-20221101-WA0000-1-412x464.jpg 412w, https:\/\/sunsauna.fi\/wp-content\/uploads\/2025\/08\/IMG-20221101-WA0000-1-768x866.jpg 768w, https:\/\/sunsauna.fi\/wp-content\/uploads\/2025\/08\/IMG-20221101-WA0000-1-908x1024.jpg 908w, https:\/\/sunsauna.fi\/wp-content\/uploads\/2025\/08\/IMG-20221101-WA0000-1-526x593.jpg 526w, https:\/\/sunsauna.fi\/wp-content\/uploads\/2025\/08\/IMG-20221101-WA0000-1-471x531.jpg 471w, https:\/\/sunsauna.fi\/wp-content\/uploads\/2025\/08\/IMG-20221101-WA0000-1-523x590.jpg 523w, https:\/\/sunsauna.fi\/wp-content\/uploads\/2025\/08\/IMG-20221101-WA0000-1.jpg 1077w\"\r\n                                                                                        width=\"1077\"\r\n                                            height=\"1214\">\r\n                                    <\/a>\r\n                                <\/div>\r\n                                                    <\/div>\r\n                    <\/div>\r\n\r\n                                            <div class=\"glide__controls\">\r\n                            <div class=\"glide__arrows\" data-glide-el=\"controls\">\r\n                                <button class=\"glide__arrow glide__arrow--left\" aria-label=\"Previous\" data-glide-dir=\"&lt;\"><\/button>\r\n                                <button class=\"glide__arrow glide__arrow--right\" aria-label=\"Next\" data-glide-dir=\"&gt;\"><\/button>\r\n                            <\/div>\r\n                        <\/div>\r\n                                    <\/div>\r\n            <\/div>\r\n        <\/div>\r\n    <\/div>\r\n<\/section>\n\n<section class=\"block block-basic\">\r\n    <div class=\"container\">\r\n        <div class=\"content-container reveal\">\r\n            \n<div class=\"wp-block-wds-basic\">\n<h2 class=\"wp-block-heading\">Glasv\u00e4gg i full h\u00f6jd f\u00f6r bastu<\/h2>\n\n\n\n<p>Att anv\u00e4nda glas f\u00f6r skiljev\u00e4ggen mellan bastun och tv\u00e4ttrummet \u00e4r en enkel och vacker l\u00f6sning.<\/p>\n\n\n\n<h3 class=\"wp-block-heading\">Glasv\u00e4ggen \u00f6ppnar upp utrymmet och kombinerar p\u00e5 ett vackert s\u00e4tt bastu och tv\u00e4ttrum till ett enda utrymme, Home Bath.<\/h3>\n\n\n\n<p>Glasv\u00e4ggen som g\u00e5r ner till golvet \u00e4r en sl\u00e5ende l\u00f6sning som f\u00f6renar utrymmena. N\u00e4r du v\u00e4ljer nyans p\u00e5 glasv\u00e4ggen \u00e4r det en god id\u00e9 att ta h\u00e4nsyn till badrumskaklets nyans. R\u00f6kgr\u00e5 och bronsf\u00e4rgade glasv\u00e4ggar ger bastun ett n\u00e5got m\u00f6rkare och mer st\u00e4mningsfullt intryck \u00e4n klarglas. Helglas \u00e4r ocks\u00e5 en ekonomisk l\u00f6sning eftersom det minskar det tidskr\u00e4vande kakelarbetet.   <\/p>\n\n\n\n<p>Laude b\u00f6r avslutas ca 50 mm f\u00f6re inglasning f\u00f6r att underl\u00e4tta reng\u00f6ring. F\u00f6r en vacker finish skyddas glasets \u00e4nde av ett galler i utrymmet mellan spr\u00f6jsarna, s\u00e5 att glasets tv\u00e4ttrumssida inte syns under kakelplattorna. I det nedre badet kommer extra f\u00f6tter p\u00e5 vardera sidan av pall\u00f6ppningen att anv\u00e4ndas f\u00f6r att st\u00f6dja br\u00e4dan fr\u00e5n golvet.  <\/p>\n\n\n\n<h3 class=\"wp-block-heading\">Glasv\u00e4gg och skuggalternativ f\u00f6r omkl\u00e4dningsrum<\/h3>\n\n\n\n<p>Det vanligaste anv\u00e4ndningsomr\u00e5det f\u00f6r en glasv\u00e4gg \u00e4r v\u00e4ggen mellan bastun och tv\u00e4ttrummet. Men den kan ocks\u00e5 anv\u00e4ndas mellan tv\u00e4ttrum och omkl\u00e4dningsrum, d\u00e5 ofta med etsat eller satinerat glas som inte syns men sl\u00e4pper igenom ljus. <\/p>\n\n\n\n<p>Ett element med en d\u00f6rr kan ocks\u00e5 anv\u00e4ndas som duschv\u00e4gg, t.ex. n\u00e4r dusch och toalett sitter p\u00e5 samma v\u00e4gg. Det \u00e4r inte l\u00e4mpligt att f\u00e4sta duschv\u00e4ggen ner till golvet eller upp till taket, en b\u00e4ttre l\u00f6sning \u00e4r att l\u00e5ta den vara &#8221;\u00f6ppen\" i b\u00e5da \u00e4ndar och f\u00e4sta glaset i v\u00e4ggen med g\u00e5ngj\u00e4rn. Detta \u00e4r en s\u00e4ker l\u00f6sning och glaset kan sv\u00e4ngas \u00e5t sidan vid st\u00e4dning.  <\/p>\n\n\n\n<p>De vanligaste glasnyanserna \u00e4r klar, r\u00f6kt gr\u00e5 och brons. Det \u00e4r en god id\u00e9 att v\u00e4lja f\u00e4rg p\u00e5 glaset utifr\u00e5n f\u00e4rgen p\u00e5 kakel och panel. Fr\u00e5ga g\u00e4rna v\u00e5ra bastuexperter om fler tips!  <\/p>\n\n\n\n<h3 class=\"wp-block-heading\">Nu \u00e4ven svarta g\u00e5ngj\u00e4rn, knoppar och lister.<\/h3>\n\n\n\n<p>Finns med svarta g\u00e5ngj\u00e4rn, toppglasclips, knoppar, lister och packningar. Be om en offert p\u00e5 glasv\u00e4ggen och n\u00e4mn att du vill ha svarta beslag. <\/p>\n\n\n\n<h3 class=\"wp-block-heading\">V\u00e4lj en tillr\u00e4ckligt effektiv v\u00e4rmare!<\/h3>\n\n\n\n<p>En bastu med en frontv\u00e4gg av glas kr\u00e4ver n\u00e5got mer effekt fr\u00e5n aggregatet \u00e4n en bastu med en sluten v\u00e4ggkonstruktion. Var uppm\u00e4rksam p\u00e5 aggregatets effekt, s\u00e4rskilt n\u00e4r du befinner dig p\u00e5 den \u00f6vre gr\u00e4nsen f\u00f6r aggregatets effektklassning, och v\u00e4lj ett effektivare aggregat. N\u00e4r du v\u00e4ljer bastuaggregat, t\u00e4nk p\u00e5 hur det ser ut - ett vackert aggregat bakom en glasv\u00e4gg g\u00f6r bastuentusiasten glad! Det extra effektbehovet ber\u00e4knas till cirka 1 kW per kvadratmeter glas.   <\/p>\n\n\n\n<div class=\"wp-block-buttons is-layout-flex wp-block-buttons-is-layout-flex\">\n<div class=\"wp-block-button\"><a class=\"wp-block-button__link wp-element-button\" href=\"https:\/\/sunsauna.fi\/sv\/designa-din-bastu\/\">Beg\u00e4r en offert<\/a><\/div>\n<\/div>\n<\/div>\n        <\/div>\r\n    <\/div>\r\n<\/section>\n\n<section class=\"block block-tabs\">\r\n    <div class=\"container\">\r\n        <div class=\"tabs-wrapper\">\r\n            <!-- Tab Navigation -->\r\n            <div class=\"tabs-navigation\" role=\"tablist\">\r\n                                    <button\r\n                        class=\"tab-button active\"\r\n                        role=\"tab\"\r\n                        aria-selected=\"true\"\r\n                        aria-controls=\"tab-0\"\r\n                        id=\"tab-button-tab-0\"\r\n                        data-tab-index=\"0\">\r\n                        Information om produkten                    <\/button>\r\n                                    <button\r\n                        class=\"tab-button\"\r\n                        role=\"tab\"\r\n                        aria-selected=\"false\"\r\n                        aria-controls=\"tab-1\"\r\n                        id=\"tab-button-tab-1\"\r\n                        data-tab-index=\"1\">\r\n                        F\u00f6rdelar f\u00f6r kunderna                    <\/button>\r\n                            <\/div>\r\n\r\n            <!-- Tab Content -->\r\n            <div class=\"tabs-content\">\r\n                                    <div\r\n                        class=\"tab-panel active\"\r\n                        role=\"tabpanel\"\r\n                        aria-labelledby=\"tab-button-tab-0\"\r\n                        id=\"tab-0\"\r\n                        >\r\n                        \r\n<div class=\"block-tab\" data-tab-title=\"Tab Title\">\r\n    \n<div class=\"wp-block-wds-tab\">\n<h3 class=\"wp-block-heading tab-title\">Information om produkten<\/h3>\n\n\n\n<ul class=\"wp-block-list\">\n<li>Glas tillverkas alltid efter m\u00e5tt<\/li>\n\n\n\n<li>Glasv\u00e4ggarna \u00e4r tillverkade av h\u00e4rdat s\u00e4kerhetsglas med en tjocklek p\u00e5 8 mm.<\/li>\n\n\n\n<li>Glaslager i f\u00e4rgerna brons, r\u00f6kgr\u00e5 och klar<\/li>\n\n\n\n<li>Finns \u00e4ven i specialglas: satin (etsat), bronsetsat och r\u00f6kgr\u00e5tt etsat. Det etsade glaset \u00e4r ocks\u00e5 l\u00e4mpligt f\u00f6r skiljev\u00e4ggarna i omkl\u00e4dningsrummet och tv\u00e4ttrummet och f\u00f6r toalettd\u00f6rren, eftersom glaset inte \u00e4r transparent. <\/li>\n\n\n\n<li>G\u00e5ngj\u00e4rnet har en justerbar och koncentrisk fj\u00e4dermekanism, d\u00f6rren \u00f6ppnas i b\u00e5da riktningarna. Tolerans +\/-15 mm. <\/li>\n\n\n\n<li>G\u00e5ngj\u00e4rn och beslag \u00e4r belagda med gl\u00e4nsande krom<\/li>\n\n\n\n<li>Ett vred eller en 400 mm l\u00e5ng stolpe (krom f\u00f6r tv\u00e4ttrumssidan och tr\u00e4 f\u00f6r bastusidan) som f\u00f6rblir vacker under l\u00e5ng tid<\/li>\n\n\n\n<li>Glaslistans \u00e4nde avslutas med en listavslutare, som f\u00e4sts t\u00e4tt mot listans \u00e4nde<\/li>\n\n\n\n<li>Glasv\u00e4ggen f\u00e4sts i kakelytan med glaslister och i taket med en f\u00f6rst\u00e4rkning. Glaslisterna och gummit\u00e4tningarna ser till att glaset sitter stadigt p\u00e5 plats, vilket g\u00f6r bastubadandet s\u00e4kert. <\/li>\n\n\n\n<li>Gummit\u00e4tningen \u00e4ndrar inte f\u00e4rg och f\u00f6rblir vacker under l\u00e5ng tid<\/li>\n\n\n\n<li>Glaslister och gummit\u00e4tningar \u00e4r grafitgr\u00e5 eller svarta<\/li>\n\n\n\n<li>Golvkl\u00e4mman med glasv\u00e4gg g\u00f6r reng\u00f6ringen enklare j\u00e4mf\u00f6rt med en aluminiumkl\u00e4mma och du beh\u00f6ver inte vara lika uppm\u00e4rksam p\u00e5 spill p\u00e5 golvet<\/li>\n\n\n\n<li>F\u00e4stelementet \u00e4r limmat p\u00e5 golvet, inget behov av att punktera vattent\u00e4tningen<\/li>\n<\/ul>\n\n\n\n<p><strong>M\u00e5ttanpassat bastuglas<\/strong><\/p>\n\n\n\n<ul class=\"wp-block-list\">\n<li>Leveranstiden \u00e4r 2-3 veckor fr\u00e5n best\u00e4llning.<\/li>\n\n\n\n<li>D\u00f6rrar med en bredd \u00f6ver 840 mm levereras med tre g\u00e5ngj\u00e4rn f\u00f6r att s\u00e4kerst\u00e4lla centrering.<\/li>\n\n\n\n<li>Glasv\u00e4ggen kan ocks\u00e5 f\u00e5s utan toppglas, vilket inneb\u00e4r att d\u00f6rren \u00e4r i full h\u00f6jd och att det inte finns n\u00e5gon list ovanf\u00f6r d\u00f6rren. Detta \u00e4r ett ekonomiskt alternativ och fungerar bra i rum med l\u00e5gt i tak, men kan begr\u00e4nsa placeringen av belysningsarmaturer och IV-ventiler. <\/li>\n<\/ul>\n<\/div>\n<\/div>                    <\/div>\r\n                                    <div\r\n                        class=\"tab-panel\"\r\n                        role=\"tabpanel\"\r\n                        aria-labelledby=\"tab-button-tab-1\"\r\n                        id=\"tab-1\"\r\n                        hidden>\r\n                        \r\n<div class=\"block-tab\" data-tab-title=\"Tab Title\">\r\n    \n<div class=\"wp-block-wds-tab\">\n<h3 class=\"wp-block-heading tab-title\">F\u00f6rdelar f\u00f6r kunderna<\/h3>\n\n\n\n<ul class=\"wp-block-list\">\n<li>M\u00e5ttbest\u00e4lld glasv\u00e4gg<\/li>\n\n\n\n<li>G\u00e5ngj\u00e4rnens mittpunkt justerbar<\/li>\n\n\n\n<li>G\u00e5ngj\u00e4rnstyp som visat sig t\u00e5la tung anv\u00e4ndning<\/li>\n\n\n\n<li>Glaslista utformad f\u00f6r detta \u00e4ndam\u00e5l<\/li>\n\n\n\n<li>Gummit\u00e4tningar som inte \u00e4ndrar f\u00e4rg och som \u00e4r l\u00e4tta att installera (j\u00e4mf\u00f6r med silikont\u00e4tningar)<\/li>\n\n\n\n<li>Gjutna \u00e4ndstycken p\u00e5 glaslisten avslutar installationsresultatet<\/li>\n<\/ul>\n<\/div>\n<\/div>                    <\/div>\r\n                            <\/div>\r\n        <\/div>\r\n    <\/div>\r\n<\/section>\n\n<section class=\"block block-link-boxes items-per-row-4\">\r\n    <div class=\"container\">\r\n        <div class=\"link-boxes-content reveal\">\r\n            \n<div class=\"wp-block-wds-link-boxes\">\n<h2 class=\"wp-block-heading has-text-align-center\">Vi levererar allt du beh\u00f6ver f\u00f6r ditt Home Spa<\/h2>\n\n\n\n<p class=\"has-text-align-center\">Vi har sammanst\u00e4llt en katalog med kvalitetsalternativ f\u00f6r att skapa det Home Spa du dr\u00f6mmer om. Du kan ocks\u00e5 best\u00e4lla produkter bekv\u00e4mt <a href=\"https:\/\/sunsauna.fi\/kauppa\/\" data-type=\"page\" data-id=\"1316\">fr\u00e5n v\u00e5r onlinebutik<\/a>. <\/p>\n\n\n\n<div class=\"wp-block-group link-boxes-container is-content-justification-center is-layout-flex wp-container-core-group-is-layout-64b26803 wp-block-group-is-layout-flex\"><div class=\"block block-link-box reveal\">\r\n            <a href=\"https:\/\/sunsauna.fi\/tuotteet\/saunan-lauteet\/\" target=\"_self\"  class=\"link-box-wrapper\">\r\n        \r\n        <div class=\"link-box-image\">\r\n                            <img loading=\"lazy\" decoding=\"async\" src=\"https:\/\/sunsauna.fi\/wp-content\/uploads\/2018\/03\/Relax_laude_tulikivi_kiuas_laudekuituvalaisin_saunassa-1-590x392.jpg\" alt=\"\" width=\"1280\" height=\"851\" srcset=\"https:\/\/sunsauna.fi\/wp-content\/uploads\/2018\/03\/Relax_laude_tulikivi_kiuas_laudekuituvalaisin_saunassa-1-300x199.jpg 300w, https:\/\/sunsauna.fi\/wp-content\/uploads\/2018\/03\/Relax_laude_tulikivi_kiuas_laudekuituvalaisin_saunassa-1-600x399.jpg 600w, https:\/\/sunsauna.fi\/wp-content\/uploads\/2018\/03\/Relax_laude_tulikivi_kiuas_laudekuituvalaisin_saunassa-1-412x274.jpg 412w, https:\/\/sunsauna.fi\/wp-content\/uploads\/2018\/03\/Relax_laude_tulikivi_kiuas_laudekuituvalaisin_saunassa-1-768x511.jpg 768w, https:\/\/sunsauna.fi\/wp-content\/uploads\/2018\/03\/Relax_laude_tulikivi_kiuas_laudekuituvalaisin_saunassa-1-1024x681.jpg 1024w, https:\/\/sunsauna.fi\/wp-content\/uploads\/2018\/03\/Relax_laude_tulikivi_kiuas_laudekuituvalaisin_saunassa-1-892x593.jpg 892w, https:\/\/sunsauna.fi\/wp-content\/uploads\/2018\/03\/Relax_laude_tulikivi_kiuas_laudekuituvalaisin_saunassa-1-714x475.jpg 714w, https:\/\/sunsauna.fi\/wp-content\/uploads\/2018\/03\/Relax_laude_tulikivi_kiuas_laudekuituvalaisin_saunassa-1-590x392.jpg 590w, https:\/\/sunsauna.fi\/wp-content\/uploads\/2018\/03\/Relax_laude_tulikivi_kiuas_laudekuituvalaisin_saunassa-1-367x245.jpg 367w, https:\/\/sunsauna.fi\/wp-content\/uploads\/2018\/03\/Relax_laude_tulikivi_kiuas_laudekuituvalaisin_saunassa-1.jpg 1280w\">                    <\/div>\r\n\r\n        <div class=\"link-box-content\">\r\n            \n<div class=\"wp-block-wds-link-box\">\n<h3 class=\"wp-block-heading link-box-title\">Tak f\u00f6r bastu<\/h3>\n\n\n\n<p>Ta en titt p\u00e5 v\u00e5ra bordskollektioner!<br\/>Varje bord har sitt eget unika formspr\u00e5k, kolla in kollektionerna och hitta den b\u00e4sta l\u00f6sningen f\u00f6r dig!<\/p>\n<\/div>\n        <\/div>\r\n\r\n                <\/a>\r\n    <\/div>\n\n<div class=\"block block-link-box reveal\">\r\n            <a href=\"https:\/\/sunsauna.fi\/tuotteet\/saunan-lasiseinat-ja-saunan-ovet\/\" target=\"_self\"  class=\"link-box-wrapper\">\r\n        \r\n        <div class=\"link-box-image\">\r\n                            <img loading=\"lazy\" decoding=\"async\" src=\"https:\/\/sunsauna.fi\/wp-content\/uploads\/2023\/08\/IMG-20230515-WA0002-443x590.jpg\" alt=\"saunan lasisein\u00e4\" width=\"1200\" height=\"1600\" srcset=\"https:\/\/sunsauna.fi\/wp-content\/uploads\/2023\/08\/IMG-20230515-WA0002-225x300.jpg 225w, https:\/\/sunsauna.fi\/wp-content\/uploads\/2023\/08\/IMG-20230515-WA0002-600x800.jpg 600w, https:\/\/sunsauna.fi\/wp-content\/uploads\/2023\/08\/IMG-20230515-WA0002-768x1024.jpg 768w, https:\/\/sunsauna.fi\/wp-content\/uploads\/2023\/08\/IMG-20230515-WA0002-1152x1536.jpg 1152w, https:\/\/sunsauna.fi\/wp-content\/uploads\/2023\/08\/IMG-20230515-WA0002-445x593.jpg 445w, https:\/\/sunsauna.fi\/wp-content\/uploads\/2023\/08\/IMG-20230515-WA0002-398x531.jpg 398w, https:\/\/sunsauna.fi\/wp-content\/uploads\/2023\/08\/IMG-20230515-WA0002-443x590.jpg 443w, https:\/\/sunsauna.fi\/wp-content\/uploads\/2023\/08\/IMG-20230515-WA0002.jpg 1200w\">                    <\/div>\r\n\r\n        <div class=\"link-box-content\">\r\n            \n<div class=\"wp-block-wds-link-box target=&quot;_blank&quot;\">\n<h3 class=\"wp-block-heading link-box-title\">Glasv\u00e4ggar och bastud\u00f6rrar f\u00f6r bastu<\/h3>\n\n\n\n<p>V\u00e5ra glasv\u00e4ggar \u00e4r m\u00e5ttbest\u00e4llda och tillverkas med de b\u00e4sta komponenterna!  <\/p>\n<\/div>\n        <\/div>\r\n\r\n                <\/a>\r\n    <\/div>\n\n<div class=\"block block-link-box reveal\">\r\n            <a href=\"https:\/\/sunsauna.fi\/tuote-osasto\/valaistus\/\" target=\"_self\"  class=\"link-box-wrapper\">\r\n        \r\n        <div class=\"link-box-image\">\r\n                            <img loading=\"lazy\" decoding=\"async\" src=\"https:\/\/sunsauna.fi\/wp-content\/uploads\/2018\/03\/Saunan_katto-590x393.jpg\" alt=\"saunan valaistus\" width=\"1623\" height=\"1080\" srcset=\"https:\/\/sunsauna.fi\/wp-content\/uploads\/2018\/03\/Saunan_katto-300x200.jpg 300w, https:\/\/sunsauna.fi\/wp-content\/uploads\/2018\/03\/Saunan_katto-600x399.jpg 600w, https:\/\/sunsauna.fi\/wp-content\/uploads\/2018\/03\/Saunan_katto-1024x681.jpg 1024w, https:\/\/sunsauna.fi\/wp-content\/uploads\/2018\/03\/Saunan_katto-768x511.jpg 768w, https:\/\/sunsauna.fi\/wp-content\/uploads\/2018\/03\/Saunan_katto-1536x1022.jpg 1536w, https:\/\/sunsauna.fi\/wp-content\/uploads\/2018\/03\/Saunan_katto-891x593.jpg 891w, https:\/\/sunsauna.fi\/wp-content\/uploads\/2018\/03\/Saunan_katto-714x475.jpg 714w, https:\/\/sunsauna.fi\/wp-content\/uploads\/2018\/03\/Saunan_katto-590x393.jpg 590w, https:\/\/sunsauna.fi\/wp-content\/uploads\/2018\/03\/Saunan_katto-367x245.jpg 367w, https:\/\/sunsauna.fi\/wp-content\/uploads\/2018\/03\/Saunan_katto.jpg 1623w\">                    <\/div>\r\n\r\n        <div class=\"link-box-content\">\r\n            \n<div class=\"wp-block-wds-link-box\">\n<h3 class=\"wp-block-heading link-box-title\">Belysning f\u00f6r bastu<\/h3>\n\n\n\n<p>Bastubelysning av h\u00f6g kvalitet skapar en bastuatmosf\u00e4r!  <\/p>\n<\/div>\n        <\/div>\r\n\r\n                <\/a>\r\n    <\/div>\n\n<div class=\"block block-link-box reveal\">\r\n            <a href=\"https:\/\/sunsauna.fi\/tuote-osasto\/paneeli\/\" target=\"_self\"  class=\"link-box-wrapper\">\r\n        \r\n        <div class=\"link-box-image\">\r\n                            <img loading=\"lazy\" decoding=\"async\" src=\"https:\/\/sunsauna.fi\/wp-content\/uploads\/2025\/08\/Panelointi-590x578.png\" alt=\"\" width=\"1024\" height=\"1003\" srcset=\"https:\/\/sunsauna.fi\/wp-content\/uploads\/2025\/08\/Panelointi-300x294.png 300w, https:\/\/sunsauna.fi\/wp-content\/uploads\/2025\/08\/Panelointi-600x588.png 600w, https:\/\/sunsauna.fi\/wp-content\/uploads\/2025\/08\/Panelointi-412x404.png 412w, https:\/\/sunsauna.fi\/wp-content\/uploads\/2025\/08\/Panelointi-768x752.png 768w, https:\/\/sunsauna.fi\/wp-content\/uploads\/2025\/08\/Panelointi-605x593.png 605w, https:\/\/sunsauna.fi\/wp-content\/uploads\/2025\/08\/Panelointi-542x531.png 542w, https:\/\/sunsauna.fi\/wp-content\/uploads\/2025\/08\/Panelointi-590x578.png 590w, https:\/\/sunsauna.fi\/wp-content\/uploads\/2025\/08\/Panelointi.png 1024w\">                    <\/div>\r\n\r\n        <div class=\"link-box-content\">\r\n            \n<div class=\"wp-block-wds-link-box\">\n<h3 class=\"wp-block-heading link-box-title\">Paneler och lister f\u00f6r bastu<\/h3>\n\n\n\n<p>M\u00e5ttbest\u00e4llda interi\u00f6rpaneler av A-kvalitet direkt fr\u00e5n lager.  <\/p>\n<\/div>\n        <\/div>\r\n\r\n                <\/a>\r\n    <\/div>\n\n<div class=\"block block-link-box reveal\">\r\n            <a href=\"https:\/\/sunsauna.fi\/kauppa\/\" target=\"_self\"  class=\"link-box-wrapper\">\r\n        \r\n        <div class=\"link-box-image\">\r\n                            <img loading=\"lazy\" decoding=\"async\" src=\"https:\/\/sunsauna.fi\/wp-content\/uploads\/2025\/08\/Kiuaskaide_pyorea_2_rengasta.jpg\" alt=\"\" width=\"357\" height=\"326\" srcset=\"https:\/\/sunsauna.fi\/wp-content\/uploads\/2025\/08\/Kiuaskaide_pyorea_2_rengasta-300x274.jpg 300w, https:\/\/sunsauna.fi\/wp-content\/uploads\/2025\/08\/Kiuaskaide_pyorea_2_rengasta.jpg 357w\">                    <\/div>\r\n\r\n        <div class=\"link-box-content\">\r\n            \n<div class=\"wp-block-wds-link-box\">\n<h3 class=\"wp-block-heading link-box-title\">Spisar<\/h3>\n\n\n\n<p>Kvalitetskaminer fr\u00e5n alla kamintillverkare finns tillg\u00e4ngliga fr\u00e5n oss.  <\/p>\n<\/div>\n        <\/div>\r\n\r\n                <\/a>\r\n    <\/div>\n\n<div class=\"block block-link-box reveal\">\r\n            <a href=\"https:\/\/sunsauna.fi\/tuote-osasto\/kalusteet-ja-kaiteet\/\" target=\"_self\"  class=\"link-box-wrapper\">\r\n        \r\n        <div class=\"link-box-image\">\r\n                            <img loading=\"lazy\" decoding=\"async\" src=\"https:\/\/sunsauna.fi\/wp-content\/uploads\/2017\/12\/sunsauna-turvallisuustuotteet-thumb.jpg\" alt=\"\" width=\"466\" height=\"465\" srcset=\"https:\/\/sunsauna.fi\/wp-content\/uploads\/2017\/12\/sunsauna-turvallisuustuotteet-thumb-300x300.jpg 300w, https:\/\/sunsauna.fi\/wp-content\/uploads\/2017\/12\/sunsauna-turvallisuustuotteet-thumb-100x100.jpg 100w, https:\/\/sunsauna.fi\/wp-content\/uploads\/2017\/12\/sunsauna-turvallisuustuotteet-thumb-150x150.jpg 150w, https:\/\/sunsauna.fi\/wp-content\/uploads\/2017\/12\/sunsauna-turvallisuustuotteet-thumb.jpg 466w\">                    <\/div>\r\n\r\n        <div class=\"link-box-content\">\r\n            \n<div class=\"wp-block-wds-link-box\">\n<h3 class=\"wp-block-heading link-box-title\">S\u00e4kerhetsprodukter f\u00f6r bastu<\/h3>\n\n\n\n<p>V\u00e4lj r\u00e4tt aggregatskenor och stigarr\u00f6r till din bastu.  <\/p>\n<\/div>\n        <\/div>\r\n\r\n                <\/a>\r\n    <\/div>\n\n<div class=\"block block-link-box reveal\">\r\n            <a href=\"https:\/\/sunsauna.fi\/tuote-osasto\/saunanhoitotuotteet\/\" target=\"_self\"  class=\"link-box-wrapper\">\r\n        \r\n        <div class=\"link-box-image\">\r\n                            <img loading=\"lazy\" decoding=\"async\" src=\"https:\/\/sunsauna.fi\/wp-content\/uploads\/2025\/08\/sunsauna-saunonhoitotuotteet-thumb.jpg\" alt=\"\" width=\"465\" height=\"465\" srcset=\"https:\/\/sunsauna.fi\/wp-content\/uploads\/2025\/08\/sunsauna-saunonhoitotuotteet-thumb-300x300.jpg 300w, https:\/\/sunsauna.fi\/wp-content\/uploads\/2025\/08\/sunsauna-saunonhoitotuotteet-thumb-100x100.jpg 100w, https:\/\/sunsauna.fi\/wp-content\/uploads\/2025\/08\/sunsauna-saunonhoitotuotteet-thumb-412x412.jpg 412w, https:\/\/sunsauna.fi\/wp-content\/uploads\/2025\/08\/sunsauna-saunonhoitotuotteet-thumb-150x150.jpg 150w, https:\/\/sunsauna.fi\/wp-content\/uploads\/2025\/08\/sunsauna-saunonhoitotuotteet-thumb.jpg 465w\">                    <\/div>\r\n\r\n        <div class=\"link-box-content\">\r\n            \n<div class=\"wp-block-wds-link-box\">\n<h3 class=\"wp-block-heading link-box-title\">Bastuprodukter<\/h3>\n\n\n\n<p>Sk\u00f6tselprodukter hj\u00e4lper din bastu att h\u00e5lla sig vacker under l\u00e5ng tid.  <\/p>\n<\/div>\n        <\/div>\r\n\r\n                <\/a>\r\n    <\/div>\n\n<div class=\"block block-link-box reveal\">\r\n            <a href=\"https:\/\/sunsauna.fi\/tuote-osasto\/kalusteet-ja-kaiteet\/\" target=\"_self\"  class=\"link-box-wrapper\">\r\n        \r\n        <div class=\"link-box-image\">\r\n                            <img loading=\"lazy\" decoding=\"async\" src=\"https:\/\/sunsauna.fi\/wp-content\/uploads\/2018\/03\/Pukeutumistilan_kalusteet_taloyhtio_Sun_Sauna-590x371.jpg\" alt=\"\" width=\"1717\" height=\"1080\" srcset=\"https:\/\/sunsauna.fi\/wp-content\/uploads\/2018\/03\/Pukeutumistilan_kalusteet_taloyhtio_Sun_Sauna-300x189.jpg 300w, https:\/\/sunsauna.fi\/wp-content\/uploads\/2018\/03\/Pukeutumistilan_kalusteet_taloyhtio_Sun_Sauna-600x377.jpg 600w, https:\/\/sunsauna.fi\/wp-content\/uploads\/2018\/03\/Pukeutumistilan_kalusteet_taloyhtio_Sun_Sauna-412x259.jpg 412w, https:\/\/sunsauna.fi\/wp-content\/uploads\/2018\/03\/Pukeutumistilan_kalusteet_taloyhtio_Sun_Sauna-768x483.jpg 768w, https:\/\/sunsauna.fi\/wp-content\/uploads\/2018\/03\/Pukeutumistilan_kalusteet_taloyhtio_Sun_Sauna-1024x644.jpg 1024w, https:\/\/sunsauna.fi\/wp-content\/uploads\/2018\/03\/Pukeutumistilan_kalusteet_taloyhtio_Sun_Sauna-1536x966.jpg 1536w, https:\/\/sunsauna.fi\/wp-content\/uploads\/2018\/03\/Pukeutumistilan_kalusteet_taloyhtio_Sun_Sauna-943x593.jpg 943w, https:\/\/sunsauna.fi\/wp-content\/uploads\/2018\/03\/Pukeutumistilan_kalusteet_taloyhtio_Sun_Sauna-714x449.jpg 714w, https:\/\/sunsauna.fi\/wp-content\/uploads\/2018\/03\/Pukeutumistilan_kalusteet_taloyhtio_Sun_Sauna-590x371.jpg 590w, https:\/\/sunsauna.fi\/wp-content\/uploads\/2018\/03\/Pukeutumistilan_kalusteet_taloyhtio_Sun_Sauna.jpg 1717w\">                    <\/div>\r\n\r\n        <div class=\"link-box-content\">\r\n            \n<div class=\"wp-block-wds-link-box\">\n<h3 class=\"wp-block-heading link-box-title\">\u00d6vriga bastuprodukter<\/h3>\n\n\n\n<p>Omkl\u00e4dningsrumsm\u00f6bler av h\u00f6g kvalitet, \u00e4ven m\u00e5ttbest\u00e4llda!  <\/p>\n<\/div>\n        <\/div>\r\n\r\n                <\/a>\r\n    <\/div><\/div>\n<\/div>\n        <\/div>\r\n    <\/div>\r\n<\/section>\n\n<link rel=\"stylesheet\" href=\"https:\/\/cdnjs.cloudflare.com\/ajax\/libs\/slick-carousel\/1.6.0\/slick.min.css\"\/>\n<link rel=\"stylesheet\" href=\"https:\/\/cdnjs.cloudflare.com\/ajax\/libs\/slick-carousel\/1.6.0\/slick-theme.min.css\"\/>\n<link rel=\"stylesheet\" href=\"\/valintaohjelma\/style.css\"\/>\n<img decoding=\"async\" src=\"\/valintaohjelma\/img\/classic\/0007.webp\" style=\"display:none\"\/><img decoding=\"async\" src=\"\/valintaohjelma\/img\/classic\/0000.webp\" style=\"display:none\"\/>\n<div id=\"root\" class=\"container valintaohjelma-container\" style=\"max-width:768px\" data-lang=\"sv\">\n<h1>Ladda programmet<\/h1>\n<img decoding=\"async\" src=\"\/valintaohjelma\/img\/Loading_icon.gif\"\/><img\/><\/div>\n<script type=\"text\/javascript\" src=\"https:\/\/sunsauna.fi\/valintaohjelma\/lib\/benchrenderer.js\"><\/script>\n<script type=\"text\/javascript\">\n        document.benchRendererLib = saunaRenderLib;\n<\/script>\n<script type=\"text\/javascript\" src=\"\/valintaohjelma\/static\/js\/main.3770a488.js\"><\/script>\n<style>.page-id-211 .block-image-form {display:none;}.page-id-211 .block-contact-form {margin-top:4rem;}<\/style>","protected":false},"excerpt":{"rendered":"","protected":false},"author":2,"featured_media":11760,"parent":11765,"menu_order":0,"comment_status":"closed","ping_status":"closed","template":"","meta":{"_acf_changed":false,"_page_background_color":"","footnotes":""},"class_list":["post-11759","page","type-page","status-publish","has-post-thumbnail","hentry"],"acf":[],"featured_image_src":"https:\/\/sunsauna.fi\/wp-content\/uploads\/2018\/03\/Relax_lauteet_kirkas_lasiseina_saunassa_tulikivi_kiuas-1.jpg","_links":{"self":[{"href":"https:\/\/sunsauna.fi\/sv\/wp-json\/wp\/v2\/pages\/11759","targetHints":{"allow":["GET"]}}],"collection":[{"href":"https:\/\/sunsauna.fi\/sv\/wp-json\/wp\/v2\/pages"}],"about":[{"href":"https:\/\/sunsauna.fi\/sv\/wp-json\/wp\/v2\/types\/page"}],"author":[{"embeddable":true,"href":"https:\/\/sunsauna.fi\/sv\/wp-json\/wp\/v2\/users\/2"}],"replies":[{"embeddable":true,"href":"https:\/\/sunsauna.fi\/sv\/wp-json\/wp\/v2\/comments?post=11759"}],"version-history":[{"count":6,"href":"https:\/\/sunsauna.fi\/sv\/wp-json\/wp\/v2\/pages\/11759\/revisions"}],"predecessor-version":[{"id":13576,"href":"https:\/\/sunsauna.fi\/sv\/wp-json\/wp\/v2\/pages\/11759\/revisions\/13576"}],"up":[{"embeddable":true,"href":"https:\/\/sunsauna.fi\/sv\/wp-json\/wp\/v2\/pages\/11765"}],"wp:featuredmedia":[{"embeddable":true,"href":"https:\/\/sunsauna.fi\/sv\/wp-json\/wp\/v2\/media\/11760"}],"wp:attachment":[{"href":"https:\/\/sunsauna.fi\/sv\/wp-json\/wp\/v2\/media?parent=11759"}],"curies":[{"name":"wp","href":"https:\/\/api.w.org\/{rel}","templated":true}]}}