{"id":11729,"date":"2025-08-26T14:00:09","date_gmt":"2025-08-26T14:00:09","guid":{"rendered":"https:\/\/sunsauna.fi\/taklampa-for-bastu\/"},"modified":"2025-08-27T12:34:46","modified_gmt":"2025-08-27T12:34:46","slug":"taklampa-for-bastu","status":"publish","type":"page","link":"https:\/\/sunsauna.fi\/sv\/produkter\/belysning-for-bastu\/taklampa-for-bastu\/","title":{"rendered":"Taklampa f\u00f6r bastu"},"content":{"rendered":"<section class=\"block block-herosub\">\r\n            <div class=\"hero-media\">\r\n            <img decoding=\"async\" src=\"https:\/\/sunsauna.fi\/wp-content\/uploads\/2025\/08\/sunsauna-kattovalaisin.jpg\" alt=\"\" width=\"470\" height=\"302\" srcset=\"https:\/\/sunsauna.fi\/wp-content\/uploads\/2025\/08\/sunsauna-kattovalaisin-300x193.jpg 300w, https:\/\/sunsauna.fi\/wp-content\/uploads\/2025\/08\/sunsauna-kattovalaisin-412x265.jpg 412w, https:\/\/sunsauna.fi\/wp-content\/uploads\/2025\/08\/sunsauna-kattovalaisin.jpg 470w\" data-no-lazy=\"1\" fetchpriority=\"high\">        <\/div>\r\n    \r\n    <div class=\"hero-content\">\r\n        <div class=\"container\">\r\n            <div class=\"content-container\">\r\n                \n<div class=\"wp-block-wds-herosub\">\n<h1 class=\"wp-block-heading has-text-align-center\">Taklampa f\u00f6r bastu<br\/><\/h1>\n<\/div>\n            <\/div>\r\n            <div class=\"breadcrumbs-container\"><ol itemscope itemtype=\"https:\/\/schema.org\/BreadcrumbList\"><li itemprop=\"itemListElement\" itemscope itemtype=\"https:\/\/schema.org\/ListItem\"><a itemprop=\"item\" href=\"https:\/\/sunsauna.fi\/sv\/\"><span itemprop=\"name\">Sun Sauna<\/span><\/a><meta itemprop=\"position\" content=\"0\" \/><\/li><\/ol><\/div>        <\/div>\r\n        <span class=\"scroll-down\"><\/span>\r\n    <\/div>\r\n<\/section><section class=\"block block-basic\">\r\n    <div class=\"container\">\r\n        <div class=\"content-container reveal\">\r\n            \n<div class=\"wp-block-wds-basic\">\n<h2 class=\"wp-block-heading\">En snygg och tidl\u00f6s bastulampa som skapar en unik atmosf\u00e4r i din bastu!<\/h2>\n\n\n\n<p>Takbel\u00e4ggningssatsen f\u00f6r bastu kan anv\u00e4ndas f\u00f6r att belysa och framh\u00e4va en platta, v\u00e4ggpaneler, en kamin eller en dekorativ stenv\u00e4gg bakom kaminen. Beroende p\u00e5 placeringen kan taklamporna skapa en m\u00e4ngd olika dekorativa och belysningsm\u00e4ssiga alternativ. Placerad n\u00e4ra v\u00e4ggpanelen framh\u00e4ver ljuset panelens ton och spetsar, vilket f\u00e5r utrymmet att se st\u00f6rre ut. S\u00e4rskilt med skarpt spetsiga sts-paneler ger en taklampa placerad n\u00e4ra v\u00e4ggen en fin skuggeffekt p\u00e5 panelens spets.   <\/p>\n\n\n\n<p>Placerad i mitten av bastun ger lampan en bra allm\u00e4nbelysning f\u00f6r en s\u00e4krare anv\u00e4ndning.<\/p>\n\n\n\n<h3 class=\"wp-block-heading\">Stj\u00e4rnklar himmel f\u00f6r bastu<\/h3>\n\n\n\n<p>Bastulampan \u00e4r ocks\u00e5 perfekt f\u00f6r att skapa en fantastisk stj\u00e4rnhimmel i taket p\u00e5 din bastu. \u00c4ven med sm\u00e5 1+7-fiberupps\u00e4ttningar kan du skapa en spektakul\u00e4r taklampa. Vi har taklampor med 1+4, 1+7 och 1+10 fiber i lager, med olika fiberl\u00e4ngder. Bastutaklamporna kan ocks\u00e5 specialbest\u00e4llas med \u00f6nskat antal fibrer och t.ex. en spektakul\u00e4r norrskenseffekt.   <br\/><\/p>\n\n\n\n<div class=\"wp-block-buttons is-layout-flex wp-block-buttons-is-layout-flex\">\n<div class=\"wp-block-button\"><a class=\"wp-block-button__link wp-element-button\" href=\"\">Beg\u00e4r en offert<\/a><\/div>\n<\/div>\n<\/div>\n        <\/div>\r\n    <\/div>\r\n<\/section>\n<h3 class=\"wp-block-heading has-text-align-center\">M\u00e5nga produkter finns bekv\u00e4mt tillg\u00e4ngliga i v\u00e5r bastubutik!<\/h3>\n<section class=\"block block-banner\">\r\n    <div class=\"container\">\r\n        <div class=\"banner-content reveal\">\r\n            <img loading=\"lazy\" decoding=\"async\" src=\"https:\/\/sunsauna.fi\/wp-content\/uploads\/2025\/08\/DSC0391-scaled-1-590x392.jpg\" alt=\"\" width=\"2560\" height=\"1703\" srcset=\"https:\/\/sunsauna.fi\/wp-content\/uploads\/2025\/08\/DSC0391-scaled-1-300x200.jpg 300w, https:\/\/sunsauna.fi\/wp-content\/uploads\/2025\/08\/DSC0391-scaled-1-600x399.jpg 600w, https:\/\/sunsauna.fi\/wp-content\/uploads\/2025\/08\/DSC0391-scaled-1-412x274.jpg 412w, https:\/\/sunsauna.fi\/wp-content\/uploads\/2025\/08\/DSC0391-scaled-1-768x511.jpg 768w, https:\/\/sunsauna.fi\/wp-content\/uploads\/2025\/08\/DSC0391-scaled-1-1024x681.jpg 1024w, https:\/\/sunsauna.fi\/wp-content\/uploads\/2025\/08\/DSC0391-scaled-1-1536x1022.jpg 1536w, https:\/\/sunsauna.fi\/wp-content\/uploads\/2025\/08\/DSC0391-scaled-1-2048x1362.jpg 2048w, https:\/\/sunsauna.fi\/wp-content\/uploads\/2025\/08\/DSC0391-scaled-1-1920x1277.jpg 1920w, https:\/\/sunsauna.fi\/wp-content\/uploads\/2025\/08\/DSC0391-scaled-1-891x593.jpg 891w, https:\/\/sunsauna.fi\/wp-content\/uploads\/2025\/08\/DSC0391-scaled-1-714x475.jpg 714w, https:\/\/sunsauna.fi\/wp-content\/uploads\/2025\/08\/DSC0391-scaled-1-590x392.jpg 590w, https:\/\/sunsauna.fi\/wp-content\/uploads\/2025\/08\/DSC0391-scaled-1-367x245.jpg 367w\">            <div class=\"content-container\">\r\n                \n<div class=\"wp-block-wds-banner\">\n<h2 class=\"wp-block-heading\">Kolla in Sun Sauna onlinebutik<\/h2>\n\n\n\n<div class=\"wp-block-buttons is-layout-flex wp-block-buttons-is-layout-flex\">\n<div class=\"wp-block-button\"><a class=\"wp-block-button__link wp-element-button\" href=\"https:\/\/sunsauna.fi\/verkkokauppa\/\">Handla online p\u00e5<\/a><\/div>\n<\/div>\n<\/div>\n            <\/div>\r\n        <\/div>\r\n    <\/div>\r\n<\/section><section class=\"block block-tabs\">\r\n    <div class=\"container\">\r\n        <div class=\"tabs-wrapper\">\r\n            <!-- Tab Navigation -->\r\n            <div class=\"tabs-navigation\" role=\"tablist\">\r\n                                    <button\r\n                        class=\"tab-button active\"\r\n                        role=\"tab\"\r\n                        aria-selected=\"true\"\r\n                        aria-controls=\"tab-0\"\r\n                        id=\"tab-button-tab-0\"\r\n                        data-tab-index=\"0\">\r\n                        Taklampor f\u00f6r bastu                    <\/button>\r\n                                    <button\r\n                        class=\"tab-button\"\r\n                        role=\"tab\"\r\n                        aria-selected=\"false\"\r\n                        aria-controls=\"tab-1\"\r\n                        id=\"tab-button-tab-1\"\r\n                        data-tab-index=\"1\">\r\n                        F\u00f6rdelar f\u00f6r kunderna                    <\/button>\r\n                                    <button\r\n                        class=\"tab-button\"\r\n                        role=\"tab\"\r\n                        aria-selected=\"false\"\r\n                        aria-controls=\"tab-2\"\r\n                        id=\"tab-button-tab-2\"\r\n                        data-tab-index=\"2\">\r\n                        Leveransens inneh\u00e5ll                    <\/button>\r\n                            <\/div>\r\n\r\n            <!-- Tab Content -->\r\n            <div class=\"tabs-content\">\r\n                                    <div\r\n                        class=\"tab-panel active\"\r\n                        role=\"tabpanel\"\r\n                        aria-labelledby=\"tab-button-tab-0\"\r\n                        id=\"tab-0\"\r\n                        >\r\n                        \r\n<div class=\"block-tab\" data-tab-title=\"Tab Title\">\r\n    \n<div class=\"wp-block-wds-tab\">\n<h3 class=\"wp-block-heading tab-title\">Taklampor f\u00f6r bastu<\/h3>\n\n\n\n<p>Den kompletta, installationsf\u00e4rdiga satsen inneh\u00e5ller projektor, fiberpaket, l\u00e5sringar och fiberlins. Fibern \u00e4r 2 mm i diameter, kaminfibern 4 mm. Varje kit inneh\u00e5ller en fiber f\u00f6r kaminens ovansida och \u00f6nskat antal fibrer f\u00f6r resten av taket. Antal och l\u00e4ngd p\u00e5 fibrerna \u00e4r:   <\/p>\n\n\n\n<ul class=\"wp-block-list\">\n<li>1+4 fiber taklampa, l\u00e5nga fibrer. Fiber 3,5 m och \u00f6vriga 2,5 - 3,5 m. <\/li>\n\n\n\n<li>1+7 taklampa med fiber, l\u00e5nga fibrer. Fiber 3,5 m och \u00f6vriga 2,5 - 3,5 m. <\/li>\n\n\n\n<li>1+10 taklampa med fiber, l\u00e5nga fibrer. Fiber 3,5 m och \u00f6vriga 3,5 - 4,0 m. <\/li>\n<\/ul>\n\n\n\n<p>I den fiberoptiska armaturen med uppv\u00e4rmd lins ing\u00e5r en torrrumsprojektor som kan installeras t.ex. bakom bastuv\u00e4ggen i teknikrummet, i taket i tv\u00e4ttrummet eller i omkl\u00e4dningsrummet i undertaket bakom inspektionsluckan. Projektorn \u00e4r tyst. Takfiberprojektorn kan ocks\u00e5 installeras i basturummet under takplattorna, med h\u00e4nsyn till fiberl\u00e4ngden.  <\/p>\n\n\n\n<p>Glasfiber f\u00f6r bastutak \u00e4r en l\u00e5nglivad och underh\u00e5llsfri l\u00f6sning. Ljusfl\u00f6det bibeh\u00e5lls under l\u00e5ng tid j\u00e4mf\u00f6rt med t.ex. ett LED-tak.  <\/p>\n<\/div>\n<\/div>                    <\/div>\r\n                                    <div\r\n                        class=\"tab-panel\"\r\n                        role=\"tabpanel\"\r\n                        aria-labelledby=\"tab-button-tab-1\"\r\n                        id=\"tab-1\"\r\n                        hidden>\r\n                        \r\n<div class=\"block-tab\" data-tab-title=\"Tab Title\">\r\n    \n<div class=\"wp-block-wds-tab\">\n<h3 class=\"wp-block-heading tab-title\">F\u00f6rdelar f\u00f6r kunderna<\/h3>\n\n\n\n<ul class=\"wp-block-list\">\n<li>Gratis sittplatser i basturummet\n<ul class=\"wp-block-list\">\n<li>m\u00f6jlighet att framh\u00e4va detaljer som t.ex. den dekorativa stenhuggningen p\u00e5 spisens bakgrund, spisen eller att skapa en spektakul\u00e4r stj\u00e4rnhimmel<\/li>\n<\/ul>\n<\/li>\n\n\n\n<li>Bra ljusfl\u00f6de<\/li>\n\n\n\n<li><a href=\"https:\/\/sunsauna.fi\/wp-content\/uploads\/2018\/02\/sun-sauna-kattovalaisin.jpg\"><\/a>Gl\u00f6dlampa och transformator med l\u00e5ng livsl\u00e4ngd (inga andra slitdelar) B\u00e5da kan bytas ut vid behov.<\/li>\n<\/ul>\n<\/div>\n<\/div>                    <\/div>\r\n                                    <div\r\n                        class=\"tab-panel\"\r\n                        role=\"tabpanel\"\r\n                        aria-labelledby=\"tab-button-tab-2\"\r\n                        id=\"tab-2\"\r\n                        hidden>\r\n                        \r\n<div class=\"block-tab\" data-tab-title=\"Tab Title\">\r\n    \n<div class=\"wp-block-wds-tab\">\n<h3 class=\"wp-block-heading tab-title\">Leveransens inneh\u00e5ll<\/h3>\n\n\n\n<ul class=\"wp-block-list\">\n<li>Installationsklart armaturpaket, inklusive st\u00e4nkskyddad projektor, fiberbunt, fiberfixeringsringar och fiberlins<\/li>\n\n\n\n<li>Antal fibrer och fiberl\u00e4ngd kan v\u00e4ljas beroende p\u00e5 bastustorlek 1+4, 1+7 och 1+10 (standardsatser), st\u00f6rre star-sky och specialfibersatser p\u00e5 beg\u00e4ran<\/li>\n\n\n\n<li><img loading=\"lazy\" decoding=\"async\" width=\"300\" height=\"187\" src=\"https:\/\/sunsauna.fi\/wp-content\/uploads\/2018\/02\/sun-sauna-kattovalaisin-300x187.jpg\" alt=\"\"\/><\/li>\n<\/ul>\n<\/div>\n<\/div>                    <\/div>\r\n                            <\/div>\r\n        <\/div>\r\n    <\/div>\r\n<\/section><section class=\"block block-link-boxes items-per-row-4\">\r\n    <div class=\"container\">\r\n        <div class=\"link-boxes-content reveal\">\r\n            \n<div class=\"wp-block-wds-link-boxes\">\n<h2 class=\"wp-block-heading has-text-align-center\">Vi levererar allt du beh\u00f6ver f\u00f6r ditt Home Spa<\/h2>\n\n\n\n<p class=\"has-text-align-center\">Vi har sammanst\u00e4llt en katalog med kvalitetsalternativ f\u00f6r att skapa det Home Spa du dr\u00f6mmer om. Du kan ocks\u00e5 best\u00e4lla produkter bekv\u00e4mt <a href=\"https:\/\/sunsauna.fi\/kauppa\/\" data-type=\"page\" data-id=\"1316\">fr\u00e5n v\u00e5r onlinebutik<\/a>. <\/p>\n\n\n\n<div class=\"wp-block-group link-boxes-container is-content-justification-center is-layout-flex wp-container-core-group-is-layout-64b26803 wp-block-group-is-layout-flex\"><div class=\"block block-link-box reveal\">\r\n            <a href=\"https:\/\/sunsauna.fi\/tuotteet\/saunan-lauteet\/\" target=\"_self\"  class=\"link-box-wrapper\">\r\n        \r\n        <div class=\"link-box-image\">\r\n                            <img loading=\"lazy\" decoding=\"async\" src=\"https:\/\/sunsauna.fi\/wp-content\/uploads\/2018\/03\/Relax_laude_tulikivi_kiuas_laudekuituvalaisin_saunassa-1-590x392.jpg\" alt=\"\" width=\"1280\" height=\"851\" srcset=\"https:\/\/sunsauna.fi\/wp-content\/uploads\/2018\/03\/Relax_laude_tulikivi_kiuas_laudekuituvalaisin_saunassa-1-300x199.jpg 300w, https:\/\/sunsauna.fi\/wp-content\/uploads\/2018\/03\/Relax_laude_tulikivi_kiuas_laudekuituvalaisin_saunassa-1-600x399.jpg 600w, https:\/\/sunsauna.fi\/wp-content\/uploads\/2018\/03\/Relax_laude_tulikivi_kiuas_laudekuituvalaisin_saunassa-1-412x274.jpg 412w, https:\/\/sunsauna.fi\/wp-content\/uploads\/2018\/03\/Relax_laude_tulikivi_kiuas_laudekuituvalaisin_saunassa-1-768x511.jpg 768w, https:\/\/sunsauna.fi\/wp-content\/uploads\/2018\/03\/Relax_laude_tulikivi_kiuas_laudekuituvalaisin_saunassa-1-1024x681.jpg 1024w, https:\/\/sunsauna.fi\/wp-content\/uploads\/2018\/03\/Relax_laude_tulikivi_kiuas_laudekuituvalaisin_saunassa-1-892x593.jpg 892w, https:\/\/sunsauna.fi\/wp-content\/uploads\/2018\/03\/Relax_laude_tulikivi_kiuas_laudekuituvalaisin_saunassa-1-714x475.jpg 714w, https:\/\/sunsauna.fi\/wp-content\/uploads\/2018\/03\/Relax_laude_tulikivi_kiuas_laudekuituvalaisin_saunassa-1-590x392.jpg 590w, https:\/\/sunsauna.fi\/wp-content\/uploads\/2018\/03\/Relax_laude_tulikivi_kiuas_laudekuituvalaisin_saunassa-1-367x245.jpg 367w, https:\/\/sunsauna.fi\/wp-content\/uploads\/2018\/03\/Relax_laude_tulikivi_kiuas_laudekuituvalaisin_saunassa-1.jpg 1280w\">                    <\/div>\r\n\r\n        <div class=\"link-box-content\">\r\n            \n<div class=\"wp-block-wds-link-box\">\n<h3 class=\"wp-block-heading link-box-title\">Tak f\u00f6r bastu<\/h3>\n\n\n\n<p>Ta en titt p\u00e5 v\u00e5ra bordskollektioner!<br\/>Varje bord har sitt eget unika formspr\u00e5k, kolla in kollektionerna och hitta den b\u00e4sta l\u00f6sningen f\u00f6r dig!<\/p>\n<\/div>\n        <\/div>\r\n\r\n                <\/a>\r\n    <\/div>\n\n<div class=\"block block-link-box reveal\">\r\n            <a href=\"https:\/\/sunsauna.fi\/tuotteet\/saunan-lasiseinat-ja-saunan-ovet\/\" target=\"_self\"  class=\"link-box-wrapper\">\r\n        \r\n        <div class=\"link-box-image\">\r\n                            <img loading=\"lazy\" decoding=\"async\" src=\"https:\/\/sunsauna.fi\/wp-content\/uploads\/2023\/08\/IMG-20230515-WA0002-443x590.jpg\" alt=\"saunan lasisein\u00e4\" width=\"1200\" height=\"1600\" srcset=\"https:\/\/sunsauna.fi\/wp-content\/uploads\/2023\/08\/IMG-20230515-WA0002-225x300.jpg 225w, https:\/\/sunsauna.fi\/wp-content\/uploads\/2023\/08\/IMG-20230515-WA0002-600x800.jpg 600w, https:\/\/sunsauna.fi\/wp-content\/uploads\/2023\/08\/IMG-20230515-WA0002-768x1024.jpg 768w, https:\/\/sunsauna.fi\/wp-content\/uploads\/2023\/08\/IMG-20230515-WA0002-1152x1536.jpg 1152w, https:\/\/sunsauna.fi\/wp-content\/uploads\/2023\/08\/IMG-20230515-WA0002-445x593.jpg 445w, https:\/\/sunsauna.fi\/wp-content\/uploads\/2023\/08\/IMG-20230515-WA0002-398x531.jpg 398w, https:\/\/sunsauna.fi\/wp-content\/uploads\/2023\/08\/IMG-20230515-WA0002-443x590.jpg 443w, https:\/\/sunsauna.fi\/wp-content\/uploads\/2023\/08\/IMG-20230515-WA0002.jpg 1200w\">                    <\/div>\r\n\r\n        <div class=\"link-box-content\">\r\n            \n<div class=\"wp-block-wds-link-box target=&quot;_blank&quot;\">\n<h3 class=\"wp-block-heading link-box-title\">Glasv\u00e4ggar och bastud\u00f6rrar f\u00f6r bastu<\/h3>\n\n\n\n<p>V\u00e5ra glasv\u00e4ggar \u00e4r m\u00e5ttbest\u00e4llda och tillverkas med de b\u00e4sta komponenterna!  <\/p>\n<\/div>\n        <\/div>\r\n\r\n                <\/a>\r\n    <\/div>\n\n<div class=\"block block-link-box reveal\">\r\n            <a href=\"https:\/\/sunsauna.fi\/tuote-osasto\/valaistus\/\" target=\"_self\"  class=\"link-box-wrapper\">\r\n        \r\n        <div class=\"link-box-image\">\r\n                            <img loading=\"lazy\" decoding=\"async\" src=\"https:\/\/sunsauna.fi\/wp-content\/uploads\/2018\/03\/Saunan_katto-590x393.jpg\" alt=\"saunan valaistus\" width=\"1623\" height=\"1080\" srcset=\"https:\/\/sunsauna.fi\/wp-content\/uploads\/2018\/03\/Saunan_katto-300x200.jpg 300w, https:\/\/sunsauna.fi\/wp-content\/uploads\/2018\/03\/Saunan_katto-600x399.jpg 600w, https:\/\/sunsauna.fi\/wp-content\/uploads\/2018\/03\/Saunan_katto-1024x681.jpg 1024w, https:\/\/sunsauna.fi\/wp-content\/uploads\/2018\/03\/Saunan_katto-768x511.jpg 768w, https:\/\/sunsauna.fi\/wp-content\/uploads\/2018\/03\/Saunan_katto-1536x1022.jpg 1536w, https:\/\/sunsauna.fi\/wp-content\/uploads\/2018\/03\/Saunan_katto-891x593.jpg 891w, https:\/\/sunsauna.fi\/wp-content\/uploads\/2018\/03\/Saunan_katto-714x475.jpg 714w, https:\/\/sunsauna.fi\/wp-content\/uploads\/2018\/03\/Saunan_katto-590x393.jpg 590w, https:\/\/sunsauna.fi\/wp-content\/uploads\/2018\/03\/Saunan_katto-367x245.jpg 367w, https:\/\/sunsauna.fi\/wp-content\/uploads\/2018\/03\/Saunan_katto.jpg 1623w\">                    <\/div>\r\n\r\n        <div class=\"link-box-content\">\r\n            \n<div class=\"wp-block-wds-link-box\">\n<h3 class=\"wp-block-heading link-box-title\">Belysning f\u00f6r bastu<\/h3>\n\n\n\n<p>Bastubelysning av h\u00f6g kvalitet skapar en bastuatmosf\u00e4r!  <\/p>\n<\/div>\n        <\/div>\r\n\r\n                <\/a>\r\n    <\/div>\n\n<div class=\"block block-link-box reveal\">\r\n            <a href=\"https:\/\/sunsauna.fi\/tuote-osasto\/paneeli\/\" target=\"_self\"  class=\"link-box-wrapper\">\r\n        \r\n        <div class=\"link-box-image\">\r\n                            <img loading=\"lazy\" decoding=\"async\" src=\"https:\/\/sunsauna.fi\/wp-content\/uploads\/2025\/08\/Panelointi-590x578.png\" alt=\"\" width=\"1024\" height=\"1003\" srcset=\"https:\/\/sunsauna.fi\/wp-content\/uploads\/2025\/08\/Panelointi-300x294.png 300w, https:\/\/sunsauna.fi\/wp-content\/uploads\/2025\/08\/Panelointi-600x588.png 600w, https:\/\/sunsauna.fi\/wp-content\/uploads\/2025\/08\/Panelointi-412x404.png 412w, https:\/\/sunsauna.fi\/wp-content\/uploads\/2025\/08\/Panelointi-768x752.png 768w, https:\/\/sunsauna.fi\/wp-content\/uploads\/2025\/08\/Panelointi-605x593.png 605w, https:\/\/sunsauna.fi\/wp-content\/uploads\/2025\/08\/Panelointi-542x531.png 542w, https:\/\/sunsauna.fi\/wp-content\/uploads\/2025\/08\/Panelointi-590x578.png 590w, https:\/\/sunsauna.fi\/wp-content\/uploads\/2025\/08\/Panelointi.png 1024w\">                    <\/div>\r\n\r\n        <div class=\"link-box-content\">\r\n            \n<div class=\"wp-block-wds-link-box\">\n<h3 class=\"wp-block-heading link-box-title\">Paneler och lister f\u00f6r bastu<\/h3>\n\n\n\n<p>M\u00e5ttbest\u00e4llda interi\u00f6rpaneler av A-kvalitet direkt fr\u00e5n lager.  <\/p>\n<\/div>\n        <\/div>\r\n\r\n                <\/a>\r\n    <\/div>\n\n<div class=\"block block-link-box reveal\">\r\n            <a href=\"https:\/\/sunsauna.fi\/kauppa\/\" target=\"_self\"  class=\"link-box-wrapper\">\r\n        \r\n        <div class=\"link-box-image\">\r\n                            <img loading=\"lazy\" decoding=\"async\" src=\"https:\/\/sunsauna.fi\/wp-content\/uploads\/2025\/08\/Kiuaskaide_pyorea_2_rengasta.jpg\" alt=\"\" width=\"357\" height=\"326\" srcset=\"https:\/\/sunsauna.fi\/wp-content\/uploads\/2025\/08\/Kiuaskaide_pyorea_2_rengasta-300x274.jpg 300w, https:\/\/sunsauna.fi\/wp-content\/uploads\/2025\/08\/Kiuaskaide_pyorea_2_rengasta.jpg 357w\">                    <\/div>\r\n\r\n        <div class=\"link-box-content\">\r\n            \n<div class=\"wp-block-wds-link-box\">\n<h3 class=\"wp-block-heading link-box-title\">Spisar<\/h3>\n\n\n\n<p>Kvalitetskaminer fr\u00e5n alla kamintillverkare finns tillg\u00e4ngliga fr\u00e5n oss.  <\/p>\n<\/div>\n        <\/div>\r\n\r\n                <\/a>\r\n    <\/div>\n\n<div class=\"block block-link-box reveal\">\r\n            <a href=\"https:\/\/sunsauna.fi\/tuote-osasto\/kalusteet-ja-kaiteet\/\" target=\"_self\"  class=\"link-box-wrapper\">\r\n        \r\n        <div class=\"link-box-image\">\r\n                            <img loading=\"lazy\" decoding=\"async\" src=\"https:\/\/sunsauna.fi\/wp-content\/uploads\/2017\/12\/sunsauna-turvallisuustuotteet-thumb.jpg\" alt=\"\" width=\"466\" height=\"465\" srcset=\"https:\/\/sunsauna.fi\/wp-content\/uploads\/2017\/12\/sunsauna-turvallisuustuotteet-thumb-300x300.jpg 300w, https:\/\/sunsauna.fi\/wp-content\/uploads\/2017\/12\/sunsauna-turvallisuustuotteet-thumb-100x100.jpg 100w, https:\/\/sunsauna.fi\/wp-content\/uploads\/2017\/12\/sunsauna-turvallisuustuotteet-thumb-150x150.jpg 150w, https:\/\/sunsauna.fi\/wp-content\/uploads\/2017\/12\/sunsauna-turvallisuustuotteet-thumb.jpg 466w\">                    <\/div>\r\n\r\n        <div class=\"link-box-content\">\r\n            \n<div class=\"wp-block-wds-link-box\">\n<h3 class=\"wp-block-heading link-box-title\">S\u00e4kerhetsprodukter f\u00f6r bastu<\/h3>\n\n\n\n<p>V\u00e4lj r\u00e4tt aggregatskenor och stigarr\u00f6r till din bastu.  <\/p>\n<\/div>\n        <\/div>\r\n\r\n                <\/a>\r\n    <\/div>\n\n<div class=\"block block-link-box reveal\">\r\n            <a href=\"https:\/\/sunsauna.fi\/tuote-osasto\/saunanhoitotuotteet\/\" target=\"_self\"  class=\"link-box-wrapper\">\r\n        \r\n        <div class=\"link-box-image\">\r\n                            <img loading=\"lazy\" decoding=\"async\" src=\"https:\/\/sunsauna.fi\/wp-content\/uploads\/2025\/08\/sunsauna-saunonhoitotuotteet-thumb.jpg\" alt=\"\" width=\"465\" height=\"465\" srcset=\"https:\/\/sunsauna.fi\/wp-content\/uploads\/2025\/08\/sunsauna-saunonhoitotuotteet-thumb-300x300.jpg 300w, https:\/\/sunsauna.fi\/wp-content\/uploads\/2025\/08\/sunsauna-saunonhoitotuotteet-thumb-100x100.jpg 100w, https:\/\/sunsauna.fi\/wp-content\/uploads\/2025\/08\/sunsauna-saunonhoitotuotteet-thumb-412x412.jpg 412w, https:\/\/sunsauna.fi\/wp-content\/uploads\/2025\/08\/sunsauna-saunonhoitotuotteet-thumb-150x150.jpg 150w, https:\/\/sunsauna.fi\/wp-content\/uploads\/2025\/08\/sunsauna-saunonhoitotuotteet-thumb.jpg 465w\">                    <\/div>\r\n\r\n        <div class=\"link-box-content\">\r\n            \n<div class=\"wp-block-wds-link-box\">\n<h3 class=\"wp-block-heading link-box-title\">Bastuprodukter<\/h3>\n\n\n\n<p>Sk\u00f6tselprodukter hj\u00e4lper din bastu att h\u00e5lla sig vacker under l\u00e5ng tid.  <\/p>\n<\/div>\n        <\/div>\r\n\r\n                <\/a>\r\n    <\/div>\n\n<div class=\"block block-link-box reveal\">\r\n            <a href=\"https:\/\/sunsauna.fi\/tuote-osasto\/kalusteet-ja-kaiteet\/\" target=\"_self\"  class=\"link-box-wrapper\">\r\n        \r\n        <div class=\"link-box-image\">\r\n                            <img loading=\"lazy\" decoding=\"async\" src=\"https:\/\/sunsauna.fi\/wp-content\/uploads\/2018\/03\/Pukeutumistilan_kalusteet_taloyhtio_Sun_Sauna-590x371.jpg\" alt=\"\" width=\"1717\" height=\"1080\" srcset=\"https:\/\/sunsauna.fi\/wp-content\/uploads\/2018\/03\/Pukeutumistilan_kalusteet_taloyhtio_Sun_Sauna-300x189.jpg 300w, https:\/\/sunsauna.fi\/wp-content\/uploads\/2018\/03\/Pukeutumistilan_kalusteet_taloyhtio_Sun_Sauna-600x377.jpg 600w, https:\/\/sunsauna.fi\/wp-content\/uploads\/2018\/03\/Pukeutumistilan_kalusteet_taloyhtio_Sun_Sauna-412x259.jpg 412w, https:\/\/sunsauna.fi\/wp-content\/uploads\/2018\/03\/Pukeutumistilan_kalusteet_taloyhtio_Sun_Sauna-768x483.jpg 768w, https:\/\/sunsauna.fi\/wp-content\/uploads\/2018\/03\/Pukeutumistilan_kalusteet_taloyhtio_Sun_Sauna-1024x644.jpg 1024w, https:\/\/sunsauna.fi\/wp-content\/uploads\/2018\/03\/Pukeutumistilan_kalusteet_taloyhtio_Sun_Sauna-1536x966.jpg 1536w, https:\/\/sunsauna.fi\/wp-content\/uploads\/2018\/03\/Pukeutumistilan_kalusteet_taloyhtio_Sun_Sauna-943x593.jpg 943w, https:\/\/sunsauna.fi\/wp-content\/uploads\/2018\/03\/Pukeutumistilan_kalusteet_taloyhtio_Sun_Sauna-714x449.jpg 714w, https:\/\/sunsauna.fi\/wp-content\/uploads\/2018\/03\/Pukeutumistilan_kalusteet_taloyhtio_Sun_Sauna-590x371.jpg 590w, https:\/\/sunsauna.fi\/wp-content\/uploads\/2018\/03\/Pukeutumistilan_kalusteet_taloyhtio_Sun_Sauna.jpg 1717w\">                    <\/div>\r\n\r\n        <div class=\"link-box-content\">\r\n            \n<div class=\"wp-block-wds-link-box\">\n<h3 class=\"wp-block-heading link-box-title\">\u00d6vriga bastuprodukter<\/h3>\n\n\n\n<p>Omkl\u00e4dningsrumsm\u00f6bler av h\u00f6g kvalitet, \u00e4ven m\u00e5ttbest\u00e4llda!  <\/p>\n<\/div>\n        <\/div>\r\n\r\n                <\/a>\r\n    <\/div><\/div>\n<\/div>\n        <\/div>\r\n    <\/div>\r\n<\/section><link rel=\"stylesheet\" href=\"https:\/\/cdnjs.cloudflare.com\/ajax\/libs\/slick-carousel\/1.6.0\/slick.min.css\"\/>\n<link rel=\"stylesheet\" href=\"https:\/\/cdnjs.cloudflare.com\/ajax\/libs\/slick-carousel\/1.6.0\/slick-theme.min.css\"\/>\n<link rel=\"stylesheet\" href=\"\/valintaohjelma\/style.css\"\/>\n<img decoding=\"async\" src=\"\/valintaohjelma\/img\/classic\/0007.webp\" style=\"display:none\"\/><img decoding=\"async\" src=\"\/valintaohjelma\/img\/classic\/0000.webp\" style=\"display:none\"\/>\n<div id=\"root\" class=\"container valintaohjelma-container\" style=\"max-width:768px\" data-lang=\"sv\">\n<h1>Ladda programmet<\/h1>\n<img decoding=\"async\" src=\"\/valintaohjelma\/img\/Loading_icon.gif\"\/><img\/><\/div>\n<script type=\"text\/javascript\" src=\"https:\/\/sunsauna.fi\/valintaohjelma\/lib\/benchrenderer.js\"><\/script>\n<script type=\"text\/javascript\">\n        document.benchRendererLib = saunaRenderLib;\n<\/script>\n<script type=\"text\/javascript\" src=\"\/valintaohjelma\/static\/js\/main.6d1b32bb.js\"><\/script>\n<style>.page-id-211 .block-image-form {display:none;}.page-id-211 .block-contact-form {margin-top:4rem;}<\/style>","protected":false},"excerpt":{"rendered":"","protected":false},"author":2,"featured_media":11602,"parent":11732,"menu_order":0,"comment_status":"closed","ping_status":"closed","template":"","meta":{"_acf_changed":false,"_page_background_color":"","footnotes":""},"class_list":["post-11729","page","type-page","status-publish","has-post-thumbnail","hentry"],"acf":[],"featured_image_src":"https:\/\/sunsauna.fi\/wp-content\/uploads\/2025\/08\/sunsauna-kattovalaisin.jpg","_links":{"self":[{"href":"https:\/\/sunsauna.fi\/sv\/wp-json\/wp\/v2\/pages\/11729","targetHints":{"allow":["GET"]}}],"collection":[{"href":"https:\/\/sunsauna.fi\/sv\/wp-json\/wp\/v2\/pages"}],"about":[{"href":"https:\/\/sunsauna.fi\/sv\/wp-json\/wp\/v2\/types\/page"}],"author":[{"embeddable":true,"href":"https:\/\/sunsauna.fi\/sv\/wp-json\/wp\/v2\/users\/2"}],"replies":[{"embeddable":true,"href":"https:\/\/sunsauna.fi\/sv\/wp-json\/wp\/v2\/comments?post=11729"}],"version-history":[{"count":2,"href":"https:\/\/sunsauna.fi\/sv\/wp-json\/wp\/v2\/pages\/11729\/revisions"}],"predecessor-version":[{"id":13458,"href":"https:\/\/sunsauna.fi\/sv\/wp-json\/wp\/v2\/pages\/11729\/revisions\/13458"}],"up":[{"embeddable":true,"href":"https:\/\/sunsauna.fi\/sv\/wp-json\/wp\/v2\/pages\/11732"}],"wp:featuredmedia":[{"embeddable":true,"href":"https:\/\/sunsauna.fi\/sv\/wp-json\/wp\/v2\/media\/11602"}],"wp:attachment":[{"href":"https:\/\/sunsauna.fi\/sv\/wp-json\/wp\/v2\/media?parent=11729"}],"curies":[{"name":"wp","href":"https:\/\/api.w.org\/{rel}","templated":true}]}}