{"id":11720,"date":"2025-08-26T13:40:28","date_gmt":"2025-08-26T13:40:28","guid":{"rendered":"https:\/\/sunsauna.fi\/produkter\/paneler-och-lister-for-bastu\/"},"modified":"2025-08-27T12:34:55","modified_gmt":"2025-08-27T12:34:55","slug":"paneler-och-lister-for-bastu","status":"publish","type":"page","link":"https:\/\/sunsauna.fi\/sv\/produkter\/paneler-och-lister-for-bastu\/","title":{"rendered":"Paneler och lister f\u00f6r bastu"},"content":{"rendered":"<section class=\"block block-herosub\">\r\n            <div class=\"hero-media\">\r\n            <img decoding=\"async\" src=\"https:\/\/sunsauna.fi\/wp-content\/uploads\/2021\/10\/La\u2560empo\u2560e_haapa-050220197071-2-scaled-e1634802276181-618x593.jpg\" alt=\"\" width=\"1881\" height=\"1804\" srcset=\"https:\/\/sunsauna.fi\/wp-content\/uploads\/2021\/10\/La\u2560empo\u2560e_haapa-050220197071-2-scaled-e1634802276181-300x288.jpg 300w, https:\/\/sunsauna.fi\/wp-content\/uploads\/2021\/10\/La\u2560empo\u2560e_haapa-050220197071-2-scaled-e1634802276181-600x575.jpg 600w, https:\/\/sunsauna.fi\/wp-content\/uploads\/2021\/10\/La\u2560empo\u2560e_haapa-050220197071-2-scaled-e1634802276181-1024x982.jpg 1024w, https:\/\/sunsauna.fi\/wp-content\/uploads\/2021\/10\/La\u2560empo\u2560e_haapa-050220197071-2-scaled-e1634802276181-768x737.jpg 768w, https:\/\/sunsauna.fi\/wp-content\/uploads\/2021\/10\/La\u2560empo\u2560e_haapa-050220197071-2-scaled-e1634802276181-1536x1473.jpg 1536w, https:\/\/sunsauna.fi\/wp-content\/uploads\/2021\/10\/La\u2560empo\u2560e_haapa-050220197071-2-scaled-e1634802276181-618x593.jpg 618w, https:\/\/sunsauna.fi\/wp-content\/uploads\/2021\/10\/La\u2560empo\u2560e_haapa-050220197071-2-scaled-e1634802276181-554x531.jpg 554w, https:\/\/sunsauna.fi\/wp-content\/uploads\/2021\/10\/La\u2560empo\u2560e_haapa-050220197071-2-scaled-e1634802276181-590x566.jpg 590w, https:\/\/sunsauna.fi\/wp-content\/uploads\/2021\/10\/La\u2560empo\u2560e_haapa-050220197071-2-scaled-e1634802276181.jpg 1881w\" data-no-lazy=\"1\" fetchpriority=\"high\">        <\/div>\r\n    \r\n    <div class=\"hero-content\">\r\n        <div class=\"container\">\r\n            <div class=\"content-container\">\r\n                \n<div class=\"wp-block-wds-herosub\">\n<h1 class=\"wp-block-heading has-text-align-center\">Paneler och lister f\u00f6r bastu<\/h1>\n<\/div>\n            <\/div>\r\n            <div class=\"breadcrumbs-container\"><ol itemscope itemtype=\"https:\/\/schema.org\/BreadcrumbList\"><li itemprop=\"itemListElement\" itemscope itemtype=\"https:\/\/schema.org\/ListItem\"><a itemprop=\"item\" href=\"https:\/\/sunsauna.fi\/sv\/\"><span itemprop=\"name\">Sun Sauna<\/span><\/a><meta itemprop=\"position\" content=\"0\" \/><\/li><\/ol><\/div>        <\/div>\r\n        <span class=\"scroll-down\"><\/span>\r\n    <\/div>\r\n<\/section><section class=\"block block-basic\">\r\n    <div class=\"container\">\r\n        <div class=\"content-container reveal\">\r\n            \n<div class=\"wp-block-wds-basic\">\n<h2 class=\"wp-block-heading\">Inv\u00e4ndiga paneler av h\u00f6gsta kvalitet f\u00f6r bastu- och badrumstak!<\/h2>\n\n\n\n<p>Bastupaneler, takpaneler f\u00f6r tv\u00e4ttrum och bastutak b\u00f6r k\u00f6pas fr\u00e5n samma parti och plats f\u00f6r att minimera eventuella skillnader i bredd och nyans.<\/p>\n\n\n\n<p>Panelerna \u00e4r av klass A, f\u00f6rpackade i f\u00f6rpackningar om 5-6 stycken, storleksanpassade. Panelerna \u00e4r krympf\u00f6rpackade f\u00f6r att s\u00e4kerst\u00e4lla skydd under transport. Panelerna lagerh\u00e5lls i 30 cm intervall, vilket avsev\u00e4rt minskar m\u00e4ngden bortkastade paneler.  <\/p>\n\n\n\n<p class=\"has-text-align-left\">Du f\u00e5r en gratis panelplan i samband med din offertf\u00f6rfr\u00e5gan: du f\u00e5r en ber\u00e4kning av antalet paneler som beh\u00f6vs, l\u00e4ngderna, en rekommendation fr\u00e5n v\u00e5r bastuexpert om det l\u00e4mpligaste materialet samt kapnings- och monteringsanvisningar! N\u00e4r du ber\u00e4knar panelstorleken b\u00f6r du observera att panelens bredd inte \u00e4r samma sak som dess anv\u00e4ndbara bredd. <\/p>\n\n\n\n<p>F\u00f6rutom panelerna har vi \u00e4ven de n\u00f6dv\u00e4ndiga listerna f\u00f6r bastu och tv\u00e4ttrum. Panelerna f\u00f6rvaras inomhus och \u00e4r klara f\u00f6r montering utan behov av fuktavj\u00e4mning p\u00e5 monteringsplatsen. <\/p>\n\n\n\n<p><strong>Panelerna kan ocks\u00e5 tonas! Observera att en m\u00f6rkt tonad bastu kr\u00e4ver tillr\u00e4ckligt stark belysning! <\/strong><\/p>\n\n\n\n<h3 class=\"wp-block-heading\">Toning av panelen<\/h3>\n\n\n\n<p>Vid toning av paneler b\u00f6r valet av behandling g\u00f6ras noggrant. Med r\u00e4tt behandling kommer tr\u00e4ets \u00e5dring att synas vackert och ytan kommer inte att se m\u00e5lad ut. Tikkurila Supisaunavaha och Liberon sprites \u00e4r bra ytbehandlingar. Paneler som behandlats med Liberon tint kan skyddas ytterligare med ett panelskydd, vilket g\u00f6r det l\u00e4ttare att underh\u00e5lla bastun senare.   <\/p>\n\n\n\n<h3 class=\"wp-block-heading\">Skyddande behandling av bastuv\u00e4ggar<\/h3>\n\n\n\n<p>Alla panelmaterial i bastuv\u00e4ggar b\u00f6r behandlas med en skyddande bel\u00e4ggning. Skyddsbehandlingen ger panelerna UV-skydd och g\u00f6r att panelens nyans f\u00f6rblir naturlig under l\u00e5ng tid. Skyddsbehandlingen av panelerna underl\u00e4ttar ocks\u00e5 den efterf\u00f6ljande oljebehandlingen av luten. En oskyddad panelyta \u00e4r k\u00e4nslig f\u00f6r att absorbera paraffinolja som anv\u00e4nds i trall, vilket orsakar m\u00f6rkare tr\u00e4yta. Vi rekommenderar Tikkurila Supi Sauna Protector som panelskydd, t.ex. n\u00e4r panelen inte ska f\u00e4rgas. Ett enda lager \u00e4ndrar inte panelens f\u00e4rg och l\u00e4mnar ingen ytglans.      <\/p>\n\n\n\n<h3 class=\"wp-block-heading\">Spara tid, anstr\u00e4ngning och pengar p\u00e5 panelink\u00f6p:<\/h3>\n\n\n\n<ul class=\"wp-block-list\">\n<li>Vi levererar bastupaneler och tv\u00e4ttrumspaneler direkt till din d\u00f6rr.<\/li>\n\n\n\n<li>F\u00f6r bastuplattor och -paneler debiteras endast en fraktavgift vid samtidig leverans.<\/li>\n\n\n\n<li>Panelerna \u00e4r storleksanpassade, vilket g\u00f6r att spillfrekvensen \u00e4r l\u00e5g.<\/li>\n\n\n\n<li>Panelerna levereras i buntar om 5-6 st.<\/li>\n\n\n\n<li>Listorna omfattar h\u00f6rn-, tak- och t\u00e4cklistor.<\/li>\n<\/ul>\n\n\n\n<h3 class=\"wp-block-heading\">Sol Bastu paneler:<\/h3>\n\n\n\n<ul class=\"wp-block-list\">\n<li>15 x 70 och 15 x 120 STS-spetsig tj\u00e4rad panel, 4 mm mikrospetsig spets<\/li>\n\n\n\n<li>Panel av svartal 15 x 90 mm STP-spetsig<\/li>\n\n\n\n<li>V\u00e4rmebehandlad terrakottapanel 15 x 120 mm STS-spetsig, 4 mm mikrospetsig<\/li>\n\n\n\n<li>V\u00e4rmebehandlad asppanel 15 x 70 och 15 x 120 mm STS-spets, 4 mm mikrospets<\/li>\n\n\n\n<li>V\u00e4rmebehandlad magnoliapanel 15 x 145 mm STS-spetsig<\/li>\n\n\n\n<li>Ljus asppanel 15 x 120 mm STS-spetsig (ljus, klar asp), 4 mm mikrospetsig<\/li>\n\n\n\n<li>Radiata pine panel 15 x 140 STS spets, 4 mm mikrospetsig spets<\/li>\n\n\n\n<li>Finns \u00e4ven i andra storlekar, t.ex. fingerpaneler och 140 mm paneler.<\/li>\n<\/ul>\n\n\n\n<div class=\"wp-block-buttons is-layout-flex wp-block-buttons-is-layout-flex\">\n<div class=\"wp-block-button\"><a class=\"wp-block-button__link wp-element-button\" href=\"\">Beg\u00e4r en offert<\/a><\/div>\n<\/div>\n<\/div>\n        <\/div>\r\n    <\/div>\r\n<\/section>\n<h3 class=\"wp-block-heading has-text-align-center\">M\u00e5nga produkter finns bekv\u00e4mt tillg\u00e4ngliga i v\u00e5r bastubutik!<\/h3>\n<section class=\"block block-banner\">\r\n    <div class=\"container\">\r\n        <div class=\"banner-content reveal\">\r\n            <img loading=\"lazy\" decoding=\"async\" src=\"https:\/\/sunsauna.fi\/wp-content\/uploads\/2025\/08\/DSC0391-scaled-1-590x392.jpg\" alt=\"\" width=\"2560\" height=\"1703\" srcset=\"https:\/\/sunsauna.fi\/wp-content\/uploads\/2025\/08\/DSC0391-scaled-1-300x200.jpg 300w, https:\/\/sunsauna.fi\/wp-content\/uploads\/2025\/08\/DSC0391-scaled-1-600x399.jpg 600w, https:\/\/sunsauna.fi\/wp-content\/uploads\/2025\/08\/DSC0391-scaled-1-412x274.jpg 412w, https:\/\/sunsauna.fi\/wp-content\/uploads\/2025\/08\/DSC0391-scaled-1-768x511.jpg 768w, https:\/\/sunsauna.fi\/wp-content\/uploads\/2025\/08\/DSC0391-scaled-1-1024x681.jpg 1024w, https:\/\/sunsauna.fi\/wp-content\/uploads\/2025\/08\/DSC0391-scaled-1-1536x1022.jpg 1536w, https:\/\/sunsauna.fi\/wp-content\/uploads\/2025\/08\/DSC0391-scaled-1-2048x1362.jpg 2048w, https:\/\/sunsauna.fi\/wp-content\/uploads\/2025\/08\/DSC0391-scaled-1-1920x1277.jpg 1920w, https:\/\/sunsauna.fi\/wp-content\/uploads\/2025\/08\/DSC0391-scaled-1-891x593.jpg 891w, https:\/\/sunsauna.fi\/wp-content\/uploads\/2025\/08\/DSC0391-scaled-1-714x475.jpg 714w, https:\/\/sunsauna.fi\/wp-content\/uploads\/2025\/08\/DSC0391-scaled-1-590x392.jpg 590w, https:\/\/sunsauna.fi\/wp-content\/uploads\/2025\/08\/DSC0391-scaled-1-367x245.jpg 367w\">            <div class=\"content-container\">\r\n                \n<div class=\"wp-block-wds-banner\">\n<h2 class=\"wp-block-heading\">Kolla in Sun Sauna onlinebutik<\/h2>\n\n\n\n<div class=\"wp-block-buttons is-layout-flex wp-block-buttons-is-layout-flex\">\n<div class=\"wp-block-button\"><a class=\"wp-block-button__link wp-element-button\" href=\"https:\/\/sunsauna.fi\/verkkokauppa\/\">Handla online p\u00e5<\/a><\/div>\n<\/div>\n<\/div>\n            <\/div>\r\n        <\/div>\r\n    <\/div>\r\n<\/section><section class=\"block block-tabs\">\r\n    <div class=\"container\">\r\n        <div class=\"tabs-wrapper\">\r\n            <!-- Tab Navigation -->\r\n            <div class=\"tabs-navigation\" role=\"tablist\">\r\n                                    <button\r\n                        class=\"tab-button active\"\r\n                        role=\"tab\"\r\n                        aria-selected=\"true\"\r\n                        aria-controls=\"tab-0\"\r\n                        id=\"tab-button-tab-0\"\r\n                        data-tab-index=\"0\">\r\n                        Material f\u00f6r bastugolv och bastupanel                    <\/button>\r\n                                    <button\r\n                        class=\"tab-button\"\r\n                        role=\"tab\"\r\n                        aria-selected=\"false\"\r\n                        aria-controls=\"tab-1\"\r\n                        id=\"tab-button-tab-1\"\r\n                        data-tab-index=\"1\">\r\n                        F\u00f6rdelar f\u00f6r kunderna                    <\/button>\r\n                                    <button\r\n                        class=\"tab-button\"\r\n                        role=\"tab\"\r\n                        aria-selected=\"false\"\r\n                        aria-controls=\"tab-2\"\r\n                        id=\"tab-button-tab-2\"\r\n                        data-tab-index=\"2\">\r\n                        Sk\u00f6tselr\u00e5d                    <\/button>\r\n                                    <button\r\n                        class=\"tab-button\"\r\n                        role=\"tab\"\r\n                        aria-selected=\"false\"\r\n                        aria-controls=\"tab-3\"\r\n                        id=\"tab-button-tab-3\"\r\n                        data-tab-index=\"3\">\r\n                        Leveransens inneh\u00e5ll                    <\/button>\r\n                            <\/div>\r\n\r\n            <!-- Tab Content -->\r\n            <div class=\"tabs-content\">\r\n                                    <div\r\n                        class=\"tab-panel active\"\r\n                        role=\"tabpanel\"\r\n                        aria-labelledby=\"tab-button-tab-0\"\r\n                        id=\"tab-0\"\r\n                        >\r\n                        \r\n<div class=\"block-tab\" data-tab-title=\"Tab Title\">\r\n    \n<div class=\"wp-block-wds-tab\">\n<h3 class=\"wp-block-heading tab-title\">Material f\u00f6r bastugolv och bastupanel<\/h3>\n\n\n\n<ul class=\"wp-block-list\">\n<li><strong>J\u00e4tten<\/strong> - Obs! Finns endast som br\u00e4da. F\u00e4rgen varierar fr\u00e5n m\u00f6rkbrunt till ljusbrunt. De tydliga f\u00e4rgvariationerna g\u00f6r tr\u00e4ets yta levande och tr\u00e4et \u00e4r mycket motst\u00e5ndskraftigt mot bastuf\u00f6rh\u00e5llanden. Tack vare sin por\u00f6sa struktur \u00e4r det l\u00e4tt och k\u00e4nns d\u00e4rf\u00f6r inte obehagligt varmt.    <\/li>\n\n\n\n<li><strong>Tj\u00e4ral<\/strong> - Ett vackert ljust material som varierar i f\u00e4rg fr\u00e5n r\u00f6daktig till r\u00f6dbrun.<\/li>\n\n\n\n<li><strong>V\u00e4rmebehandlad tj\u00e4ral<\/strong> - F\u00e4rgen \u00e4r vackert brun, j\u00e4mn ton. M\u00e5ttligt \u00e5dringsm\u00f6nster, med mindre skillnader i ton \u00e4n v\u00e4rmebehandlad ask. V\u00e4rmebehandlingen g\u00f6r att tr\u00e4et inte vrider sig.  <\/li>\n\n\n\n<li><strong>V\u00e4rmebehandlad asp<\/strong> - F\u00e4rgen \u00e4r vackert brun med en svagt gulaktig ton. De tydliga f\u00e4rgvariationerna g\u00f6r att tr\u00e4ets yta ser levande ut. V\u00e4rmebehandlad asp \u00e4r mycket formstabilt, r\u00f6tbest\u00e4ndigt och giftfritt, eftersom endast vatten\u00e5nga och v\u00e4rme anv\u00e4nds i tillverkningsprocessen.  <\/li>\n\n\n\n<li><strong>V\u00e4rmebehandlad magnolia<\/strong> - F\u00e4rgen varierar fr\u00e5n m\u00f6rkbrun till ljusbrun, men den \u00f6vergripande f\u00e4rgen \u00e4r m\u00f6rkare \u00e4n hos asp och al. V\u00e4rmebehandlad magnolia har ett vackert och levande skorvm\u00f6nster. <\/li>\n\n\n\n<li>Aspen <strong>-<\/strong> Aspen \u00e4r ett mycket l\u00e4tt, enhetligt material som \u00e4r idealiskt f\u00f6r toning.<\/li>\n<\/ul>\n<\/div>\n<\/div>                    <\/div>\r\n                                    <div\r\n                        class=\"tab-panel\"\r\n                        role=\"tabpanel\"\r\n                        aria-labelledby=\"tab-button-tab-1\"\r\n                        id=\"tab-1\"\r\n                        hidden>\r\n                        \r\n<div class=\"block-tab\" data-tab-title=\"Tab Title\">\r\n    \n<div class=\"wp-block-wds-tab\">\n<h3 class=\"wp-block-heading tab-title\">F\u00f6rdelar f\u00f6r kunderna<\/h3>\n\n\n\n<ul class=\"wp-block-list\">\n<li>Allt ytmaterial du beh\u00f6ver f\u00f6r din bastu fr\u00e5n ett st\u00e4lle, i en leverans, levererat till din d\u00f6rr!<a href=\"https:\/\/sunsauna.fi\/tuotteet-ja-palvelut\/saunapaneeli-ja-saunan-listat\/\"><\/a><\/li>\n\n\n\n<li>Samma hyvlingsparti f\u00f6r att minimera nyans- och dimensionsskillnader<a href=\"https:\/\/sunsauna.fi\/tuotteet-ja-palvelut\/saunapaneeli-ja-saunan-listat\/\"><\/a><\/li>\n\n\n\n<li>En problemfri process\n<ul class=\"wp-block-list\">\n<li>V\u00e5ra bastuexperter ber\u00e4knar det exakta antalet paneler baserat p\u00e5 din bastus m\u00e5tt och rekommenderar de l\u00e4mpligaste materialen f\u00f6r att matcha.<\/li>\n<\/ul>\n<\/li>\n\n\n\n<li>Instruktioner f\u00f6r bortkoppling och installation av paneler<\/li>\n<\/ul>\n<\/div>\n<\/div>                    <\/div>\r\n                                    <div\r\n                        class=\"tab-panel\"\r\n                        role=\"tabpanel\"\r\n                        aria-labelledby=\"tab-button-tab-2\"\r\n                        id=\"tab-2\"\r\n                        hidden>\r\n                        \r\n<div class=\"block-tab\" data-tab-title=\"Tab Title\">\r\n    \n<div class=\"wp-block-wds-tab\">\n<h3 class=\"wp-block-heading tab-title\">Sk\u00f6tselr\u00e5d<\/h3>\n\n\n\n<p><strong>Skydd och sk\u00f6tsel av bastupaneler<\/strong><\/p>\n\n\n\n<p><strong><br\/><\/strong>Vi rekommenderar en skyddande behandling f\u00f6r alla bastupaneler. Panelen b\u00f6r skyddas noggrant med t.ex. Supi Sauna Protector en g\u00e5ng. Om panelen behandlas mer \u00e4n en g\u00e5ng kan den f\u00e5 en ytglans.   <\/p>\n\n\n\n<p>Panelen kan ocks\u00e5 skyddas med ett tonat panelskydd, som g\u00f6r att du kan v\u00e4lja \u00f6nskad nyans. F\u00f6r n\u00e4rvarande anv\u00e4nds tonade paneler ofta i ljusa och svarta nyanser. <\/p>\n\n\n\n<p>Den skyddande behandlingen av panelerna underl\u00e4ttar reng\u00f6ringen av dem och den efterf\u00f6ljande oljebehandlingen av murbruket. Oljan sugs inte upp av den behandlade panelytan och l\u00e4mnar fl\u00e4ckar. <\/p>\n<\/div>\n<\/div>                    <\/div>\r\n                                    <div\r\n                        class=\"tab-panel\"\r\n                        role=\"tabpanel\"\r\n                        aria-labelledby=\"tab-button-tab-3\"\r\n                        id=\"tab-3\"\r\n                        hidden>\r\n                        \r\n<div class=\"block-tab\" data-tab-title=\"Tab Title\">\r\n    \n<div class=\"wp-block-wds-tab\">\n<h3 class=\"wp-block-heading tab-title\">Leveransens inneh\u00e5ll<\/h3>\n\n\n\n<p>Panelerna levereras i full storlek i f\u00f6rpackningar om 6 st.<\/p>\n<\/div>\n<\/div>                    <\/div>\r\n                            <\/div>\r\n        <\/div>\r\n    <\/div>\r\n<\/section><section class=\"block block-link-boxes items-per-row-4\">\r\n    <div class=\"container\">\r\n        <div class=\"link-boxes-content reveal\">\r\n            \n<div class=\"wp-block-wds-link-boxes\">\n<h2 class=\"wp-block-heading has-text-align-center\">Vi levererar allt du beh\u00f6ver f\u00f6r ditt Home Spa<\/h2>\n\n\n\n<p class=\"has-text-align-center\">Vi har sammanst\u00e4llt en katalog med kvalitetsalternativ f\u00f6r att skapa det Home Spa du dr\u00f6mmer om. Du kan ocks\u00e5 best\u00e4lla produkter bekv\u00e4mt <a href=\"https:\/\/sunsauna.fi\/kauppa\/\" data-type=\"page\" data-id=\"1316\">fr\u00e5n v\u00e5r onlinebutik<\/a>. <\/p>\n\n\n\n<div class=\"wp-block-group link-boxes-container is-content-justification-center is-layout-flex wp-container-core-group-is-layout-64b26803 wp-block-group-is-layout-flex\"><div class=\"block block-link-box reveal\">\r\n            <a href=\"https:\/\/sunsauna.fi\/tuotteet\/saunan-lauteet\/\" target=\"_self\"  class=\"link-box-wrapper\">\r\n        \r\n        <div class=\"link-box-image\">\r\n                            <img loading=\"lazy\" decoding=\"async\" src=\"https:\/\/sunsauna.fi\/wp-content\/uploads\/2018\/03\/Relax_laude_tulikivi_kiuas_laudekuituvalaisin_saunassa-1-590x392.jpg\" alt=\"\" width=\"1280\" height=\"851\" srcset=\"https:\/\/sunsauna.fi\/wp-content\/uploads\/2018\/03\/Relax_laude_tulikivi_kiuas_laudekuituvalaisin_saunassa-1-300x199.jpg 300w, https:\/\/sunsauna.fi\/wp-content\/uploads\/2018\/03\/Relax_laude_tulikivi_kiuas_laudekuituvalaisin_saunassa-1-600x399.jpg 600w, https:\/\/sunsauna.fi\/wp-content\/uploads\/2018\/03\/Relax_laude_tulikivi_kiuas_laudekuituvalaisin_saunassa-1-412x274.jpg 412w, https:\/\/sunsauna.fi\/wp-content\/uploads\/2018\/03\/Relax_laude_tulikivi_kiuas_laudekuituvalaisin_saunassa-1-768x511.jpg 768w, https:\/\/sunsauna.fi\/wp-content\/uploads\/2018\/03\/Relax_laude_tulikivi_kiuas_laudekuituvalaisin_saunassa-1-1024x681.jpg 1024w, https:\/\/sunsauna.fi\/wp-content\/uploads\/2018\/03\/Relax_laude_tulikivi_kiuas_laudekuituvalaisin_saunassa-1-892x593.jpg 892w, https:\/\/sunsauna.fi\/wp-content\/uploads\/2018\/03\/Relax_laude_tulikivi_kiuas_laudekuituvalaisin_saunassa-1-714x475.jpg 714w, https:\/\/sunsauna.fi\/wp-content\/uploads\/2018\/03\/Relax_laude_tulikivi_kiuas_laudekuituvalaisin_saunassa-1-590x392.jpg 590w, https:\/\/sunsauna.fi\/wp-content\/uploads\/2018\/03\/Relax_laude_tulikivi_kiuas_laudekuituvalaisin_saunassa-1-367x245.jpg 367w, https:\/\/sunsauna.fi\/wp-content\/uploads\/2018\/03\/Relax_laude_tulikivi_kiuas_laudekuituvalaisin_saunassa-1.jpg 1280w\">                    <\/div>\r\n\r\n        <div class=\"link-box-content\">\r\n            \n<div class=\"wp-block-wds-link-box\">\n<h3 class=\"wp-block-heading link-box-title\">Tak f\u00f6r bastu<\/h3>\n\n\n\n<p>Ta en titt p\u00e5 v\u00e5ra bordskollektioner!<br\/>Varje bord har sitt eget unika formspr\u00e5k, kolla in kollektionerna och hitta den b\u00e4sta l\u00f6sningen f\u00f6r dig!<\/p>\n<\/div>\n        <\/div>\r\n\r\n                <\/a>\r\n    <\/div>\n\n<div class=\"block block-link-box reveal\">\r\n            <a href=\"https:\/\/sunsauna.fi\/tuotteet\/saunan-lasiseinat-ja-saunan-ovet\/\" target=\"_self\"  class=\"link-box-wrapper\">\r\n        \r\n        <div class=\"link-box-image\">\r\n                            <img loading=\"lazy\" decoding=\"async\" src=\"https:\/\/sunsauna.fi\/wp-content\/uploads\/2023\/08\/IMG-20230515-WA0002-443x590.jpg\" alt=\"saunan lasisein\u00e4\" width=\"1200\" height=\"1600\" srcset=\"https:\/\/sunsauna.fi\/wp-content\/uploads\/2023\/08\/IMG-20230515-WA0002-225x300.jpg 225w, https:\/\/sunsauna.fi\/wp-content\/uploads\/2023\/08\/IMG-20230515-WA0002-600x800.jpg 600w, https:\/\/sunsauna.fi\/wp-content\/uploads\/2023\/08\/IMG-20230515-WA0002-768x1024.jpg 768w, https:\/\/sunsauna.fi\/wp-content\/uploads\/2023\/08\/IMG-20230515-WA0002-1152x1536.jpg 1152w, https:\/\/sunsauna.fi\/wp-content\/uploads\/2023\/08\/IMG-20230515-WA0002-445x593.jpg 445w, https:\/\/sunsauna.fi\/wp-content\/uploads\/2023\/08\/IMG-20230515-WA0002-398x531.jpg 398w, https:\/\/sunsauna.fi\/wp-content\/uploads\/2023\/08\/IMG-20230515-WA0002-443x590.jpg 443w, https:\/\/sunsauna.fi\/wp-content\/uploads\/2023\/08\/IMG-20230515-WA0002.jpg 1200w\">                    <\/div>\r\n\r\n        <div class=\"link-box-content\">\r\n            \n<div class=\"wp-block-wds-link-box target=&quot;_blank&quot;\">\n<h3 class=\"wp-block-heading link-box-title\">Glasv\u00e4ggar och bastud\u00f6rrar f\u00f6r bastu<\/h3>\n\n\n\n<p>V\u00e5ra glasv\u00e4ggar \u00e4r m\u00e5ttbest\u00e4llda och tillverkas med de b\u00e4sta komponenterna!  <\/p>\n<\/div>\n        <\/div>\r\n\r\n                <\/a>\r\n    <\/div>\n\n<div class=\"block block-link-box reveal\">\r\n            <a href=\"https:\/\/sunsauna.fi\/tuote-osasto\/valaistus\/\" target=\"_self\"  class=\"link-box-wrapper\">\r\n        \r\n        <div class=\"link-box-image\">\r\n                            <img loading=\"lazy\" decoding=\"async\" src=\"https:\/\/sunsauna.fi\/wp-content\/uploads\/2018\/03\/Saunan_katto-590x393.jpg\" alt=\"saunan valaistus\" width=\"1623\" height=\"1080\" srcset=\"https:\/\/sunsauna.fi\/wp-content\/uploads\/2018\/03\/Saunan_katto-300x200.jpg 300w, https:\/\/sunsauna.fi\/wp-content\/uploads\/2018\/03\/Saunan_katto-600x399.jpg 600w, https:\/\/sunsauna.fi\/wp-content\/uploads\/2018\/03\/Saunan_katto-1024x681.jpg 1024w, https:\/\/sunsauna.fi\/wp-content\/uploads\/2018\/03\/Saunan_katto-768x511.jpg 768w, https:\/\/sunsauna.fi\/wp-content\/uploads\/2018\/03\/Saunan_katto-1536x1022.jpg 1536w, https:\/\/sunsauna.fi\/wp-content\/uploads\/2018\/03\/Saunan_katto-891x593.jpg 891w, https:\/\/sunsauna.fi\/wp-content\/uploads\/2018\/03\/Saunan_katto-714x475.jpg 714w, https:\/\/sunsauna.fi\/wp-content\/uploads\/2018\/03\/Saunan_katto-590x393.jpg 590w, https:\/\/sunsauna.fi\/wp-content\/uploads\/2018\/03\/Saunan_katto-367x245.jpg 367w, https:\/\/sunsauna.fi\/wp-content\/uploads\/2018\/03\/Saunan_katto.jpg 1623w\">                    <\/div>\r\n\r\n        <div class=\"link-box-content\">\r\n            \n<div class=\"wp-block-wds-link-box\">\n<h3 class=\"wp-block-heading link-box-title\">Belysning f\u00f6r bastu<\/h3>\n\n\n\n<p>Bastubelysning av h\u00f6g kvalitet skapar en bastuatmosf\u00e4r!  <\/p>\n<\/div>\n        <\/div>\r\n\r\n                <\/a>\r\n    <\/div>\n\n<div class=\"block block-link-box reveal\">\r\n            <a href=\"https:\/\/sunsauna.fi\/tuote-osasto\/paneeli\/\" target=\"_self\"  class=\"link-box-wrapper\">\r\n        \r\n        <div class=\"link-box-image\">\r\n                            <img loading=\"lazy\" decoding=\"async\" src=\"https:\/\/sunsauna.fi\/wp-content\/uploads\/2025\/08\/Panelointi-590x578.png\" alt=\"\" width=\"1024\" height=\"1003\" srcset=\"https:\/\/sunsauna.fi\/wp-content\/uploads\/2025\/08\/Panelointi-300x294.png 300w, https:\/\/sunsauna.fi\/wp-content\/uploads\/2025\/08\/Panelointi-600x588.png 600w, https:\/\/sunsauna.fi\/wp-content\/uploads\/2025\/08\/Panelointi-412x404.png 412w, https:\/\/sunsauna.fi\/wp-content\/uploads\/2025\/08\/Panelointi-768x752.png 768w, https:\/\/sunsauna.fi\/wp-content\/uploads\/2025\/08\/Panelointi-605x593.png 605w, https:\/\/sunsauna.fi\/wp-content\/uploads\/2025\/08\/Panelointi-542x531.png 542w, https:\/\/sunsauna.fi\/wp-content\/uploads\/2025\/08\/Panelointi-590x578.png 590w, https:\/\/sunsauna.fi\/wp-content\/uploads\/2025\/08\/Panelointi.png 1024w\">                    <\/div>\r\n\r\n        <div class=\"link-box-content\">\r\n            \n<div class=\"wp-block-wds-link-box\">\n<h3 class=\"wp-block-heading link-box-title\">Paneler och lister f\u00f6r bastu<\/h3>\n\n\n\n<p>M\u00e5ttbest\u00e4llda interi\u00f6rpaneler av A-kvalitet direkt fr\u00e5n lager.  <\/p>\n<\/div>\n        <\/div>\r\n\r\n                <\/a>\r\n    <\/div>\n\n<div class=\"block block-link-box reveal\">\r\n            <a href=\"https:\/\/sunsauna.fi\/kauppa\/\" target=\"_self\"  class=\"link-box-wrapper\">\r\n        \r\n        <div class=\"link-box-image\">\r\n                            <img loading=\"lazy\" decoding=\"async\" src=\"https:\/\/sunsauna.fi\/wp-content\/uploads\/2025\/08\/Kiuaskaide_pyorea_2_rengasta.jpg\" alt=\"\" width=\"357\" height=\"326\" srcset=\"https:\/\/sunsauna.fi\/wp-content\/uploads\/2025\/08\/Kiuaskaide_pyorea_2_rengasta-300x274.jpg 300w, https:\/\/sunsauna.fi\/wp-content\/uploads\/2025\/08\/Kiuaskaide_pyorea_2_rengasta.jpg 357w\">                    <\/div>\r\n\r\n        <div class=\"link-box-content\">\r\n            \n<div class=\"wp-block-wds-link-box\">\n<h3 class=\"wp-block-heading link-box-title\">Spisar<\/h3>\n\n\n\n<p>Kvalitetskaminer fr\u00e5n alla kamintillverkare finns tillg\u00e4ngliga fr\u00e5n oss.  <\/p>\n<\/div>\n        <\/div>\r\n\r\n                <\/a>\r\n    <\/div>\n\n<div class=\"block block-link-box reveal\">\r\n            <a href=\"https:\/\/sunsauna.fi\/tuote-osasto\/kalusteet-ja-kaiteet\/\" target=\"_self\"  class=\"link-box-wrapper\">\r\n        \r\n        <div class=\"link-box-image\">\r\n                            <img loading=\"lazy\" decoding=\"async\" src=\"https:\/\/sunsauna.fi\/wp-content\/uploads\/2017\/12\/sunsauna-turvallisuustuotteet-thumb.jpg\" alt=\"\" width=\"466\" height=\"465\" srcset=\"https:\/\/sunsauna.fi\/wp-content\/uploads\/2017\/12\/sunsauna-turvallisuustuotteet-thumb-300x300.jpg 300w, https:\/\/sunsauna.fi\/wp-content\/uploads\/2017\/12\/sunsauna-turvallisuustuotteet-thumb-100x100.jpg 100w, https:\/\/sunsauna.fi\/wp-content\/uploads\/2017\/12\/sunsauna-turvallisuustuotteet-thumb-150x150.jpg 150w, https:\/\/sunsauna.fi\/wp-content\/uploads\/2017\/12\/sunsauna-turvallisuustuotteet-thumb.jpg 466w\">                    <\/div>\r\n\r\n        <div class=\"link-box-content\">\r\n            \n<div class=\"wp-block-wds-link-box\">\n<h3 class=\"wp-block-heading link-box-title\">S\u00e4kerhetsprodukter f\u00f6r bastu<\/h3>\n\n\n\n<p>V\u00e4lj r\u00e4tt aggregatskenor och stigarr\u00f6r till din bastu.  <\/p>\n<\/div>\n        <\/div>\r\n\r\n                <\/a>\r\n    <\/div>\n\n<div class=\"block block-link-box reveal\">\r\n            <a href=\"https:\/\/sunsauna.fi\/tuote-osasto\/saunanhoitotuotteet\/\" target=\"_self\"  class=\"link-box-wrapper\">\r\n        \r\n        <div class=\"link-box-image\">\r\n                            <img loading=\"lazy\" decoding=\"async\" src=\"https:\/\/sunsauna.fi\/wp-content\/uploads\/2025\/08\/sunsauna-saunonhoitotuotteet-thumb.jpg\" alt=\"\" width=\"465\" height=\"465\" srcset=\"https:\/\/sunsauna.fi\/wp-content\/uploads\/2025\/08\/sunsauna-saunonhoitotuotteet-thumb-300x300.jpg 300w, https:\/\/sunsauna.fi\/wp-content\/uploads\/2025\/08\/sunsauna-saunonhoitotuotteet-thumb-100x100.jpg 100w, https:\/\/sunsauna.fi\/wp-content\/uploads\/2025\/08\/sunsauna-saunonhoitotuotteet-thumb-412x412.jpg 412w, https:\/\/sunsauna.fi\/wp-content\/uploads\/2025\/08\/sunsauna-saunonhoitotuotteet-thumb-150x150.jpg 150w, https:\/\/sunsauna.fi\/wp-content\/uploads\/2025\/08\/sunsauna-saunonhoitotuotteet-thumb.jpg 465w\">                    <\/div>\r\n\r\n        <div class=\"link-box-content\">\r\n            \n<div class=\"wp-block-wds-link-box\">\n<h3 class=\"wp-block-heading link-box-title\">Bastuprodukter<\/h3>\n\n\n\n<p>Sk\u00f6tselprodukter hj\u00e4lper din bastu att h\u00e5lla sig vacker under l\u00e5ng tid.  <\/p>\n<\/div>\n        <\/div>\r\n\r\n                <\/a>\r\n    <\/div>\n\n<div class=\"block block-link-box reveal\">\r\n            <a href=\"https:\/\/sunsauna.fi\/tuote-osasto\/kalusteet-ja-kaiteet\/\" target=\"_self\"  class=\"link-box-wrapper\">\r\n        \r\n        <div class=\"link-box-image\">\r\n                            <img loading=\"lazy\" decoding=\"async\" src=\"https:\/\/sunsauna.fi\/wp-content\/uploads\/2018\/03\/Pukeutumistilan_kalusteet_taloyhtio_Sun_Sauna-590x371.jpg\" alt=\"\" width=\"1717\" height=\"1080\" srcset=\"https:\/\/sunsauna.fi\/wp-content\/uploads\/2018\/03\/Pukeutumistilan_kalusteet_taloyhtio_Sun_Sauna-300x189.jpg 300w, https:\/\/sunsauna.fi\/wp-content\/uploads\/2018\/03\/Pukeutumistilan_kalusteet_taloyhtio_Sun_Sauna-600x377.jpg 600w, https:\/\/sunsauna.fi\/wp-content\/uploads\/2018\/03\/Pukeutumistilan_kalusteet_taloyhtio_Sun_Sauna-412x259.jpg 412w, https:\/\/sunsauna.fi\/wp-content\/uploads\/2018\/03\/Pukeutumistilan_kalusteet_taloyhtio_Sun_Sauna-768x483.jpg 768w, https:\/\/sunsauna.fi\/wp-content\/uploads\/2018\/03\/Pukeutumistilan_kalusteet_taloyhtio_Sun_Sauna-1024x644.jpg 1024w, https:\/\/sunsauna.fi\/wp-content\/uploads\/2018\/03\/Pukeutumistilan_kalusteet_taloyhtio_Sun_Sauna-1536x966.jpg 1536w, https:\/\/sunsauna.fi\/wp-content\/uploads\/2018\/03\/Pukeutumistilan_kalusteet_taloyhtio_Sun_Sauna-943x593.jpg 943w, https:\/\/sunsauna.fi\/wp-content\/uploads\/2018\/03\/Pukeutumistilan_kalusteet_taloyhtio_Sun_Sauna-714x449.jpg 714w, https:\/\/sunsauna.fi\/wp-content\/uploads\/2018\/03\/Pukeutumistilan_kalusteet_taloyhtio_Sun_Sauna-590x371.jpg 590w, https:\/\/sunsauna.fi\/wp-content\/uploads\/2018\/03\/Pukeutumistilan_kalusteet_taloyhtio_Sun_Sauna.jpg 1717w\">                    <\/div>\r\n\r\n        <div class=\"link-box-content\">\r\n            \n<div class=\"wp-block-wds-link-box\">\n<h3 class=\"wp-block-heading link-box-title\">\u00d6vriga bastuprodukter<\/h3>\n\n\n\n<p>Omkl\u00e4dningsrumsm\u00f6bler av h\u00f6g kvalitet, \u00e4ven m\u00e5ttbest\u00e4llda!  <\/p>\n<\/div>\n        <\/div>\r\n\r\n                <\/a>\r\n    <\/div><\/div>\n<\/div>\n        <\/div>\r\n    <\/div>\r\n<\/section><link rel=\"stylesheet\" href=\"https:\/\/cdnjs.cloudflare.com\/ajax\/libs\/slick-carousel\/1.6.0\/slick.min.css\"\/>\n<link rel=\"stylesheet\" href=\"https:\/\/cdnjs.cloudflare.com\/ajax\/libs\/slick-carousel\/1.6.0\/slick-theme.min.css\"\/>\n<link rel=\"stylesheet\" href=\"\/valintaohjelma\/style.css\"\/>\n<img decoding=\"async\" src=\"\/valintaohjelma\/img\/classic\/0007.webp\" style=\"display:none\"\/><img decoding=\"async\" src=\"\/valintaohjelma\/img\/classic\/0000.webp\" style=\"display:none\"\/>\n<div id=\"root\" class=\"container valintaohjelma-container\" style=\"max-width:768px\" data-lang=\"sv\">\n<h1>Ladda programmet<\/h1>\n<img decoding=\"async\" src=\"\/valintaohjelma\/img\/Loading_icon.gif\"\/><img\/><\/div>\n<script type=\"text\/javascript\" src=\"https:\/\/sunsauna.fi\/valintaohjelma\/lib\/benchrenderer.js\"><\/script>\n<script type=\"text\/javascript\">\n        document.benchRendererLib = saunaRenderLib;\n<\/script>\n<script type=\"text\/javascript\" src=\"\/valintaohjelma\/static\/js\/main.3770a488.js\"><\/script>\n<style>.page-id-211 .block-image-form {display:none;}.page-id-211 .block-contact-form {margin-top:4rem;}<\/style>","protected":false},"excerpt":{"rendered":"","protected":false},"author":2,"featured_media":11708,"parent":11599,"menu_order":0,"comment_status":"closed","ping_status":"closed","template":"","meta":{"_acf_changed":false,"_page_background_color":"","footnotes":""},"class_list":["post-11720","page","type-page","status-publish","has-post-thumbnail","hentry"],"acf":[],"featured_image_src":"https:\/\/sunsauna.fi\/wp-content\/uploads\/2021\/10\/La\u2560empo\u2560e_haapa-050220197071-2-scaled-e1634802276181-1.jpg","_links":{"self":[{"href":"https:\/\/sunsauna.fi\/sv\/wp-json\/wp\/v2\/pages\/11720","targetHints":{"allow":["GET"]}}],"collection":[{"href":"https:\/\/sunsauna.fi\/sv\/wp-json\/wp\/v2\/pages"}],"about":[{"href":"https:\/\/sunsauna.fi\/sv\/wp-json\/wp\/v2\/types\/page"}],"author":[{"embeddable":true,"href":"https:\/\/sunsauna.fi\/sv\/wp-json\/wp\/v2\/users\/2"}],"replies":[{"embeddable":true,"href":"https:\/\/sunsauna.fi\/sv\/wp-json\/wp\/v2\/comments?post=11720"}],"version-history":[{"count":2,"href":"https:\/\/sunsauna.fi\/sv\/wp-json\/wp\/v2\/pages\/11720\/revisions"}],"predecessor-version":[{"id":13467,"href":"https:\/\/sunsauna.fi\/sv\/wp-json\/wp\/v2\/pages\/11720\/revisions\/13467"}],"up":[{"embeddable":true,"href":"https:\/\/sunsauna.fi\/sv\/wp-json\/wp\/v2\/pages\/11599"}],"wp:featuredmedia":[{"embeddable":true,"href":"https:\/\/sunsauna.fi\/sv\/wp-json\/wp\/v2\/media\/11708"}],"wp:attachment":[{"href":"https:\/\/sunsauna.fi\/sv\/wp-json\/wp\/v2\/media?parent=11720"}],"curies":[{"name":"wp","href":"https:\/\/api.w.org\/{rel}","templated":true}]}}