{"id":11965,"date":"2025-08-19T12:43:05","date_gmt":"2025-08-19T12:43:05","guid":{"rendered":"https:\/\/sunsauna.fi\/products\/sauna-ceilings\/relax-collection\/"},"modified":"2025-10-28T15:47:52","modified_gmt":"2025-10-28T15:47:52","slug":"relax-collection","status":"publish","type":"page","link":"https:\/\/sunsauna.fi\/en\/products\/sauna-ceilings\/relax-collection\/","title":{"rendered":"Relax collection"},"content":{"rendered":"<section class=\"block block-herosub\">\r\n            <div class=\"hero-media\">\r\n            <img decoding=\"async\" src=\"https:\/\/sunsauna.fi\/wp-content\/uploads\/2018\/03\/wave_L-laude_Kajo_kiuas_laudekuituvalaisin_-890x593.jpg\" alt=\"\" width=\"1621\" height=\"1080\" srcset=\"https:\/\/sunsauna.fi\/wp-content\/uploads\/2018\/03\/wave_L-laude_Kajo_kiuas_laudekuituvalaisin_-300x200.jpg 300w, https:\/\/sunsauna.fi\/wp-content\/uploads\/2018\/03\/wave_L-laude_Kajo_kiuas_laudekuituvalaisin_-600x400.jpg 600w, https:\/\/sunsauna.fi\/wp-content\/uploads\/2018\/03\/wave_L-laude_Kajo_kiuas_laudekuituvalaisin_-412x274.jpg 412w, https:\/\/sunsauna.fi\/wp-content\/uploads\/2018\/03\/wave_L-laude_Kajo_kiuas_laudekuituvalaisin_-768x512.jpg 768w, https:\/\/sunsauna.fi\/wp-content\/uploads\/2018\/03\/wave_L-laude_Kajo_kiuas_laudekuituvalaisin_-1024x682.jpg 1024w, https:\/\/sunsauna.fi\/wp-content\/uploads\/2018\/03\/wave_L-laude_Kajo_kiuas_laudekuituvalaisin_-1536x1023.jpg 1536w, https:\/\/sunsauna.fi\/wp-content\/uploads\/2018\/03\/wave_L-laude_Kajo_kiuas_laudekuituvalaisin_-890x593.jpg 890w, https:\/\/sunsauna.fi\/wp-content\/uploads\/2018\/03\/wave_L-laude_Kajo_kiuas_laudekuituvalaisin_-714x476.jpg 714w, https:\/\/sunsauna.fi\/wp-content\/uploads\/2018\/03\/wave_L-laude_Kajo_kiuas_laudekuituvalaisin_-590x393.jpg 590w, https:\/\/sunsauna.fi\/wp-content\/uploads\/2018\/03\/wave_L-laude_Kajo_kiuas_laudekuituvalaisin_-367x245.jpg 367w, https:\/\/sunsauna.fi\/wp-content\/uploads\/2018\/03\/wave_L-laude_Kajo_kiuas_laudekuituvalaisin_.jpg 1621w\" data-no-lazy=\"1\" fetchpriority=\"high\">        <\/div>\r\n    \r\n    <div class=\"hero-content\">\r\n        <div class=\"container\">\r\n            <div class=\"content-container\">\r\n                \n<div class=\"wp-block-wds-herosub\">\n<h1 class=\"wp-block-heading has-text-align-center\">Relax collection<\/h1>\n<\/div>\n            <\/div>\r\n            <div class=\"breadcrumbs-container\"><ol itemscope itemtype=\"https:\/\/schema.org\/BreadcrumbList\"><li itemprop=\"itemListElement\" itemscope itemtype=\"https:\/\/schema.org\/ListItem\"><a itemprop=\"item\" href=\"https:\/\/sunsauna.fi\/en\/\"><span itemprop=\"name\">Sun Sauna<\/span><\/a><meta itemprop=\"position\" content=\"0\" \/><\/li><\/ol><\/div>        <\/div>\r\n        <span class=\"scroll-down\"><\/span>\r\n    <\/div>\r\n<\/section>\n\n<section class=\"block block-gallery has-wds-light-background-color has-background\">\r\n    <div class=\"container\">\r\n        <div class=\"gallery-content reveal\">\r\n            \r\n            <div class=\"gallery gallery-regular\" id=\"gallery-6a99f89db9561\">\r\n                \r\n                <!-- Main gallery display -->\r\n                <a href=\"https:\/\/sunsauna.fi\/wp-content\/uploads\/2018\/03\/Wave_laude_pesuhuone_poreamme_lasiseinan_takana.jpg\" class=\"lightbox gallery-fullsize\">\r\n                    <img loading=\"lazy\" decoding=\"async\"\r\n                        src=\"https:\/\/sunsauna.fi\/wp-content\/uploads\/2018\/03\/Wave_laude_pesuhuone_poreamme_lasiseinan_takana.jpg\"\r\n                        alt=\"\"\r\n                                                srcset=\"https:\/\/sunsauna.fi\/wp-content\/uploads\/2018\/03\/Wave_laude_pesuhuone_poreamme_lasiseinan_takana-300x200.jpg 300w, https:\/\/sunsauna.fi\/wp-content\/uploads\/2018\/03\/Wave_laude_pesuhuone_poreamme_lasiseinan_takana-600x400.jpg 600w, https:\/\/sunsauna.fi\/wp-content\/uploads\/2018\/03\/Wave_laude_pesuhuone_poreamme_lasiseinan_takana-412x275.jpg 412w, https:\/\/sunsauna.fi\/wp-content\/uploads\/2018\/03\/Wave_laude_pesuhuone_poreamme_lasiseinan_takana-768x512.jpg 768w, https:\/\/sunsauna.fi\/wp-content\/uploads\/2018\/03\/Wave_laude_pesuhuone_poreamme_lasiseinan_takana-1024x683.jpg 1024w, https:\/\/sunsauna.fi\/wp-content\/uploads\/2018\/03\/Wave_laude_pesuhuone_poreamme_lasiseinan_takana-1536x1024.jpg 1536w, https:\/\/sunsauna.fi\/wp-content\/uploads\/2018\/03\/Wave_laude_pesuhuone_poreamme_lasiseinan_takana-890x593.jpg 890w, https:\/\/sunsauna.fi\/wp-content\/uploads\/2018\/03\/Wave_laude_pesuhuone_poreamme_lasiseinan_takana-714x476.jpg 714w, https:\/\/sunsauna.fi\/wp-content\/uploads\/2018\/03\/Wave_laude_pesuhuone_poreamme_lasiseinan_takana-590x393.jpg 590w, https:\/\/sunsauna.fi\/wp-content\/uploads\/2018\/03\/Wave_laude_pesuhuone_poreamme_lasiseinan_takana-367x245.jpg 367w, https:\/\/sunsauna.fi\/wp-content\/uploads\/2018\/03\/Wave_laude_pesuhuone_poreamme_lasiseinan_takana.jpg 1620w\"\r\n                                                width=\"1620\"\r\n                        height=\"1080\">\r\n                <\/a>\r\n\r\n                <!-- Thumbnail slider -->\r\n                <div class=\"glide gallery-slider\" data-uid=\"gallery-6a99f89db9561\">\r\n                    <div class=\"glide__track\" data-glide-el=\"track\">\r\n                        <div class=\"glide__slides\">\r\n                                                            <div class=\"glide__slide\">\r\n                                    <a href=\"https:\/\/sunsauna.fi\/wp-content\/uploads\/2018\/03\/Wave_laude_pesuhuone_poreamme_lasiseinan_takana.jpg\" class=\"lightbox gallery-thumbnail\">\r\n                                        <img loading=\"lazy\" decoding=\"async\"\r\n                                            src=\"https:\/\/sunsauna.fi\/wp-content\/uploads\/2018\/03\/Wave_laude_pesuhuone_poreamme_lasiseinan_takana.jpg\"\r\n                                            alt=\"\"\r\n                                                                                        srcset=\"https:\/\/sunsauna.fi\/wp-content\/uploads\/2018\/03\/Wave_laude_pesuhuone_poreamme_lasiseinan_takana-300x200.jpg 300w, https:\/\/sunsauna.fi\/wp-content\/uploads\/2018\/03\/Wave_laude_pesuhuone_poreamme_lasiseinan_takana-600x400.jpg 600w, https:\/\/sunsauna.fi\/wp-content\/uploads\/2018\/03\/Wave_laude_pesuhuone_poreamme_lasiseinan_takana-412x275.jpg 412w, https:\/\/sunsauna.fi\/wp-content\/uploads\/2018\/03\/Wave_laude_pesuhuone_poreamme_lasiseinan_takana-768x512.jpg 768w, https:\/\/sunsauna.fi\/wp-content\/uploads\/2018\/03\/Wave_laude_pesuhuone_poreamme_lasiseinan_takana-1024x683.jpg 1024w, https:\/\/sunsauna.fi\/wp-content\/uploads\/2018\/03\/Wave_laude_pesuhuone_poreamme_lasiseinan_takana-1536x1024.jpg 1536w, https:\/\/sunsauna.fi\/wp-content\/uploads\/2018\/03\/Wave_laude_pesuhuone_poreamme_lasiseinan_takana-890x593.jpg 890w, https:\/\/sunsauna.fi\/wp-content\/uploads\/2018\/03\/Wave_laude_pesuhuone_poreamme_lasiseinan_takana-714x476.jpg 714w, https:\/\/sunsauna.fi\/wp-content\/uploads\/2018\/03\/Wave_laude_pesuhuone_poreamme_lasiseinan_takana-590x393.jpg 590w, https:\/\/sunsauna.fi\/wp-content\/uploads\/2018\/03\/Wave_laude_pesuhuone_poreamme_lasiseinan_takana-367x245.jpg 367w, https:\/\/sunsauna.fi\/wp-content\/uploads\/2018\/03\/Wave_laude_pesuhuone_poreamme_lasiseinan_takana.jpg 1620w\"\r\n                                                                                        width=\"1620\"\r\n                                            height=\"1080\">\r\n                                    <\/a>\r\n                                <\/div>\r\n                                                            <div class=\"glide__slide\">\r\n                                    <a href=\"https:\/\/sunsauna.fi\/wp-content\/uploads\/2018\/03\/wave_L-laude_Kajo_kiuas_laudekuituvalaisin_.jpg\" class=\"lightbox gallery-thumbnail\">\r\n                                        <img loading=\"lazy\" decoding=\"async\"\r\n                                            src=\"https:\/\/sunsauna.fi\/wp-content\/uploads\/2018\/03\/wave_L-laude_Kajo_kiuas_laudekuituvalaisin_.jpg\"\r\n                                            alt=\"\"\r\n                                                                                        srcset=\"https:\/\/sunsauna.fi\/wp-content\/uploads\/2018\/03\/wave_L-laude_Kajo_kiuas_laudekuituvalaisin_-300x200.jpg 300w, https:\/\/sunsauna.fi\/wp-content\/uploads\/2018\/03\/wave_L-laude_Kajo_kiuas_laudekuituvalaisin_-600x400.jpg 600w, https:\/\/sunsauna.fi\/wp-content\/uploads\/2018\/03\/wave_L-laude_Kajo_kiuas_laudekuituvalaisin_-412x274.jpg 412w, https:\/\/sunsauna.fi\/wp-content\/uploads\/2018\/03\/wave_L-laude_Kajo_kiuas_laudekuituvalaisin_-768x512.jpg 768w, https:\/\/sunsauna.fi\/wp-content\/uploads\/2018\/03\/wave_L-laude_Kajo_kiuas_laudekuituvalaisin_-1024x682.jpg 1024w, https:\/\/sunsauna.fi\/wp-content\/uploads\/2018\/03\/wave_L-laude_Kajo_kiuas_laudekuituvalaisin_-1536x1023.jpg 1536w, https:\/\/sunsauna.fi\/wp-content\/uploads\/2018\/03\/wave_L-laude_Kajo_kiuas_laudekuituvalaisin_-890x593.jpg 890w, https:\/\/sunsauna.fi\/wp-content\/uploads\/2018\/03\/wave_L-laude_Kajo_kiuas_laudekuituvalaisin_-714x476.jpg 714w, https:\/\/sunsauna.fi\/wp-content\/uploads\/2018\/03\/wave_L-laude_Kajo_kiuas_laudekuituvalaisin_-590x393.jpg 590w, https:\/\/sunsauna.fi\/wp-content\/uploads\/2018\/03\/wave_L-laude_Kajo_kiuas_laudekuituvalaisin_-367x245.jpg 367w, https:\/\/sunsauna.fi\/wp-content\/uploads\/2018\/03\/wave_L-laude_Kajo_kiuas_laudekuituvalaisin_.jpg 1621w\"\r\n                                                                                        width=\"1621\"\r\n                                            height=\"1080\">\r\n                                    <\/a>\r\n                                <\/div>\r\n                                                            <div class=\"glide__slide\">\r\n                                    <a href=\"https:\/\/sunsauna.fi\/wp-content\/uploads\/2018\/03\/wave_lauteet_valot_lauteen_etulaidassa.jpg\" class=\"lightbox gallery-thumbnail\">\r\n                                        <img loading=\"lazy\" decoding=\"async\"\r\n                                            src=\"https:\/\/sunsauna.fi\/wp-content\/uploads\/2018\/03\/wave_lauteet_valot_lauteen_etulaidassa.jpg\"\r\n                                            alt=\"\"\r\n                                                                                        srcset=\"https:\/\/sunsauna.fi\/wp-content\/uploads\/2018\/03\/wave_lauteet_valot_lauteen_etulaidassa-300x200.jpg 300w, https:\/\/sunsauna.fi\/wp-content\/uploads\/2018\/03\/wave_lauteet_valot_lauteen_etulaidassa-600x400.jpg 600w, https:\/\/sunsauna.fi\/wp-content\/uploads\/2018\/03\/wave_lauteet_valot_lauteen_etulaidassa-412x275.jpg 412w, https:\/\/sunsauna.fi\/wp-content\/uploads\/2018\/03\/wave_lauteet_valot_lauteen_etulaidassa-768x512.jpg 768w, https:\/\/sunsauna.fi\/wp-content\/uploads\/2018\/03\/wave_lauteet_valot_lauteen_etulaidassa-1024x683.jpg 1024w, https:\/\/sunsauna.fi\/wp-content\/uploads\/2018\/03\/wave_lauteet_valot_lauteen_etulaidassa-1536x1024.jpg 1536w, https:\/\/sunsauna.fi\/wp-content\/uploads\/2018\/03\/wave_lauteet_valot_lauteen_etulaidassa-890x593.jpg 890w, https:\/\/sunsauna.fi\/wp-content\/uploads\/2018\/03\/wave_lauteet_valot_lauteen_etulaidassa-714x476.jpg 714w, https:\/\/sunsauna.fi\/wp-content\/uploads\/2018\/03\/wave_lauteet_valot_lauteen_etulaidassa-590x393.jpg 590w, https:\/\/sunsauna.fi\/wp-content\/uploads\/2018\/03\/wave_lauteet_valot_lauteen_etulaidassa-367x245.jpg 367w, https:\/\/sunsauna.fi\/wp-content\/uploads\/2018\/03\/wave_lauteet_valot_lauteen_etulaidassa.jpg 1620w\"\r\n                                                                                        width=\"1620\"\r\n                                            height=\"1080\">\r\n                                    <\/a>\r\n                                <\/div>\r\n                                                            <div class=\"glide__slide\">\r\n                                    <a href=\"https:\/\/sunsauna.fi\/wp-content\/uploads\/2025\/08\/thumb358-wave3-6fd88290e296bfe89f439a60c05b7b3c.jpg\" class=\"lightbox gallery-thumbnail\">\r\n                                        <img loading=\"lazy\" decoding=\"async\"\r\n                                            src=\"https:\/\/sunsauna.fi\/wp-content\/uploads\/2025\/08\/thumb358-wave3-6fd88290e296bfe89f439a60c05b7b3c.jpg\"\r\n                                            alt=\"\"\r\n                                                                                        srcset=\"https:\/\/sunsauna.fi\/wp-content\/uploads\/2025\/08\/thumb358-wave3-6fd88290e296bfe89f439a60c05b7b3c-300x200.jpg 300w, https:\/\/sunsauna.fi\/wp-content\/uploads\/2025\/08\/thumb358-wave3-6fd88290e296bfe89f439a60c05b7b3c-600x399.jpg 600w, https:\/\/sunsauna.fi\/wp-content\/uploads\/2025\/08\/thumb358-wave3-6fd88290e296bfe89f439a60c05b7b3c-412x274.jpg 412w, https:\/\/sunsauna.fi\/wp-content\/uploads\/2025\/08\/thumb358-wave3-6fd88290e296bfe89f439a60c05b7b3c-590x393.jpg 590w, https:\/\/sunsauna.fi\/wp-content\/uploads\/2025\/08\/thumb358-wave3-6fd88290e296bfe89f439a60c05b7b3c-367x245.jpg 367w, https:\/\/sunsauna.fi\/wp-content\/uploads\/2025\/08\/thumb358-wave3-6fd88290e296bfe89f439a60c05b7b3c.jpg 700w\"\r\n                                                                                        width=\"700\"\r\n                                            height=\"466\">\r\n                                    <\/a>\r\n                                <\/div>\r\n                                                            <div class=\"glide__slide\">\r\n                                    <a href=\"https:\/\/sunsauna.fi\/wp-content\/uploads\/2025\/08\/wave_U-laude_lasiseina_saunan_ja_pesuhuoneen_valissa.jpg\" class=\"lightbox gallery-thumbnail\">\r\n                                        <img loading=\"lazy\" decoding=\"async\"\r\n                                            src=\"https:\/\/sunsauna.fi\/wp-content\/uploads\/2025\/08\/wave_U-laude_lasiseina_saunan_ja_pesuhuoneen_valissa.jpg\"\r\n                                            alt=\"\"\r\n                                                                                        srcset=\"https:\/\/sunsauna.fi\/wp-content\/uploads\/2025\/08\/wave_U-laude_lasiseina_saunan_ja_pesuhuoneen_valissa-300x200.jpg 300w, https:\/\/sunsauna.fi\/wp-content\/uploads\/2025\/08\/wave_U-laude_lasiseina_saunan_ja_pesuhuoneen_valissa-600x400.jpg 600w, https:\/\/sunsauna.fi\/wp-content\/uploads\/2025\/08\/wave_U-laude_lasiseina_saunan_ja_pesuhuoneen_valissa-412x275.jpg 412w, https:\/\/sunsauna.fi\/wp-content\/uploads\/2025\/08\/wave_U-laude_lasiseina_saunan_ja_pesuhuoneen_valissa-768x512.jpg 768w, https:\/\/sunsauna.fi\/wp-content\/uploads\/2025\/08\/wave_U-laude_lasiseina_saunan_ja_pesuhuoneen_valissa-1024x683.jpg 1024w, https:\/\/sunsauna.fi\/wp-content\/uploads\/2025\/08\/wave_U-laude_lasiseina_saunan_ja_pesuhuoneen_valissa-1536x1024.jpg 1536w, https:\/\/sunsauna.fi\/wp-content\/uploads\/2025\/08\/wave_U-laude_lasiseina_saunan_ja_pesuhuoneen_valissa-890x593.jpg 890w, https:\/\/sunsauna.fi\/wp-content\/uploads\/2025\/08\/wave_U-laude_lasiseina_saunan_ja_pesuhuoneen_valissa-714x476.jpg 714w, https:\/\/sunsauna.fi\/wp-content\/uploads\/2025\/08\/wave_U-laude_lasiseina_saunan_ja_pesuhuoneen_valissa-590x393.jpg 590w, https:\/\/sunsauna.fi\/wp-content\/uploads\/2025\/08\/wave_U-laude_lasiseina_saunan_ja_pesuhuoneen_valissa-367x245.jpg 367w, https:\/\/sunsauna.fi\/wp-content\/uploads\/2025\/08\/wave_U-laude_lasiseina_saunan_ja_pesuhuoneen_valissa.jpg 1620w\"\r\n                                                                                        width=\"1620\"\r\n                                            height=\"1080\">\r\n                                    <\/a>\r\n                                <\/div>\r\n                                                            <div class=\"glide__slide\">\r\n                                    <a href=\"https:\/\/sunsauna.fi\/wp-content\/uploads\/2017\/12\/sunsauna-wave-mallisto.jpg\" class=\"lightbox gallery-thumbnail\">\r\n                                        <img loading=\"lazy\" decoding=\"async\"\r\n                                            src=\"https:\/\/sunsauna.fi\/wp-content\/uploads\/2017\/12\/sunsauna-wave-mallisto.jpg\"\r\n                                            alt=\"Wave L-malliset saunan lauteet\"\r\n                                                                                        srcset=\"https:\/\/sunsauna.fi\/wp-content\/uploads\/2017\/12\/sunsauna-wave-mallisto-300x300.jpg 300w, https:\/\/sunsauna.fi\/wp-content\/uploads\/2017\/12\/sunsauna-wave-mallisto-100x100.jpg 100w, https:\/\/sunsauna.fi\/wp-content\/uploads\/2017\/12\/sunsauna-wave-mallisto-150x150.jpg 150w, https:\/\/sunsauna.fi\/wp-content\/uploads\/2017\/12\/sunsauna-wave-mallisto.jpg 464w\"\r\n                                                                                        width=\"464\"\r\n                                            height=\"465\">\r\n                                    <\/a>\r\n                                <\/div>\r\n                                                    <\/div>\r\n                    <\/div>\r\n\r\n                                            <div class=\"glide__controls\">\r\n                            <div class=\"glide__arrows\" data-glide-el=\"controls\">\r\n                                <button class=\"glide__arrow glide__arrow--left\" aria-label=\"Previous\" data-glide-dir=\"&lt;\"><\/button>\r\n                                <button class=\"glide__arrow glide__arrow--right\" aria-label=\"Next\" data-glide-dir=\"&gt;\"><\/button>\r\n                            <\/div>\r\n                        <\/div>\r\n                                    <\/div>\r\n            <\/div>\r\n        <\/div>\r\n    <\/div>\r\n<\/section>\n\n<section class=\"block block-basic has-wds-light-background-color has-background\">\r\n    <div class=\"container\">\r\n        <div class=\"content-container reveal\">\r\n            \n<div class=\"wp-block-wds-basic has-wds-light-background-color has-background\">\n<h2 class=\"wp-block-heading\">Straightforward, streamlined and time-sensitive. Unchanging looks, executed with quality. A modern sauna that respects tradition.  <\/h2>\n\n\n\n<p class=\"wp-block-paragraph\">The Relax furniture collection gets its look from a wider board (120 &#8211; 190 mm) than normal. In the seat and footrest area, the wide board, mounted lengthwise, creates a stunningly massive effect. The larger the sauna room, the better the Relax board will do its job. Like the rest of our Home Spa range, the Relax range is made to measure as a ready-made tile.   <\/p>\n\n\n\n<p class=\"wp-block-paragraph\">In the Relax XL model, the footrest extends under the seat up to the wall, without any space dividers.<\/p>\n\n\n\n<p class=\"wp-block-paragraph\">In addition to the traditional straight sauna heater, the range also includes L- and U-shaped heaters, as well as the attractive opposing straight or L-shaped heater solutions where the heater is placed in the middle of the rear wall of the sauna.<\/p>\n<\/div>\n        <\/div>\r\n    <\/div>\r\n<\/section>\n\n\n<h3 class=\"wp-block-heading has-text-align-center\">Many products are conveniently available in our sauna shop!<\/h3>\n<section class=\"block block-banner\">\r\n    <div class=\"container\">\r\n        <div class=\"banner-content reveal\">\r\n            <img loading=\"lazy\" decoding=\"async\" src=\"https:\/\/sunsauna.fi\/wp-content\/uploads\/2025\/08\/DSC0391-scaled-1-590x392.jpg\" alt=\"\" width=\"2560\" height=\"1703\" srcset=\"https:\/\/sunsauna.fi\/wp-content\/uploads\/2025\/08\/DSC0391-scaled-1-300x200.jpg 300w, https:\/\/sunsauna.fi\/wp-content\/uploads\/2025\/08\/DSC0391-scaled-1-600x399.jpg 600w, https:\/\/sunsauna.fi\/wp-content\/uploads\/2025\/08\/DSC0391-scaled-1-412x274.jpg 412w, https:\/\/sunsauna.fi\/wp-content\/uploads\/2025\/08\/DSC0391-scaled-1-768x511.jpg 768w, https:\/\/sunsauna.fi\/wp-content\/uploads\/2025\/08\/DSC0391-scaled-1-1024x681.jpg 1024w, https:\/\/sunsauna.fi\/wp-content\/uploads\/2025\/08\/DSC0391-scaled-1-1536x1022.jpg 1536w, https:\/\/sunsauna.fi\/wp-content\/uploads\/2025\/08\/DSC0391-scaled-1-2048x1362.jpg 2048w, https:\/\/sunsauna.fi\/wp-content\/uploads\/2025\/08\/DSC0391-scaled-1-1920x1277.jpg 1920w, https:\/\/sunsauna.fi\/wp-content\/uploads\/2025\/08\/DSC0391-scaled-1-891x593.jpg 891w, https:\/\/sunsauna.fi\/wp-content\/uploads\/2025\/08\/DSC0391-scaled-1-714x475.jpg 714w, https:\/\/sunsauna.fi\/wp-content\/uploads\/2025\/08\/DSC0391-scaled-1-590x392.jpg 590w, https:\/\/sunsauna.fi\/wp-content\/uploads\/2025\/08\/DSC0391-scaled-1-367x245.jpg 367w\">            <div class=\"content-container\">\r\n                \n<div class=\"wp-block-wds-banner\">\n<h2 class=\"wp-block-heading\">Check out the Sun Sauna online shop<\/h2>\n\n\n\n<div class=\"wp-block-buttons is-layout-flex wp-block-buttons-is-layout-flex\">\n<div class=\"wp-block-button\"><a class=\"wp-block-button__link wp-element-button\" href=\"https:\/\/sunsauna.fi\/verkkokauppa\/\">Shop online at<\/a><\/div>\n<\/div>\n<\/div>\n            <\/div>\r\n        <\/div>\r\n    <\/div>\r\n<\/section>\n\n<section class=\"block block-tabs\">\r\n    <div class=\"container\">\r\n        <div class=\"tabs-wrapper\">\r\n            <!-- Tab Navigation -->\r\n            <div class=\"tabs-navigation\" role=\"tablist\">\r\n                                    <button\r\n                        class=\"tab-button active\"\r\n                        role=\"tab\"\r\n                        aria-selected=\"true\"\r\n                        aria-controls=\"tab-0\"\r\n                        id=\"tab-button-tab-0\"\r\n                        data-tab-index=\"0\">\r\n                        Product information                    <\/button>\r\n                                    <button\r\n                        class=\"tab-button\"\r\n                        role=\"tab\"\r\n                        aria-selected=\"false\"\r\n                        aria-controls=\"tab-1\"\r\n                        id=\"tab-button-tab-1\"\r\n                        data-tab-index=\"1\">\r\n                        Why a ready-made board?                    <\/button>\r\n                            <\/div>\r\n\r\n            <!-- Tab Content -->\r\n            <div class=\"tabs-content\">\r\n                                    <div\r\n                        class=\"tab-panel active\"\r\n                        role=\"tabpanel\"\r\n                        aria-labelledby=\"tab-button-tab-0\"\r\n                        id=\"tab-0\"\r\n                        >\r\n                        \r\n<div class=\"block-tab\" data-tab-title=\"Tab Title\">\r\n    \n<div class=\"wp-block-wds-tab\">\n<h3 class=\"wp-block-heading tab-title\">Product information<\/h3>\n\n\n\n<ul class=\"wp-block-list\">\n<li><strong>Seat cover and foot cover:<\/strong>\n<ul class=\"wp-block-list\">\n<li>Standard seat depths of 550 mm (120 mm boards) and 610 mm (140 mm and 185 mm boards).<\/li>\n\n\n\n<li>Standard heights of 1050 and 1150 mm in the ceiling. Or custom-made height free. <\/li>\n\n\n\n<li>On special request, the depth of the decks can be changed. Please note that changing the depth of the board may result in narrower boards. <\/li>\n\n\n\n<li>The height of the lower leg is 430 mm less than the height of the upper leg (from the upper surface of the lower leg to the upper surface of the seat). <\/li>\n<\/ul>\n<\/li>\n\n\n\n<li><strong>Fitting materials and widths:<\/strong>\n<ul class=\"wp-block-list\">\n<li>Heat treated aspen 28\u00d7185, 28\u00d7140 and 28\u00d7120 mm<\/li>\n\n\n\n<li>Heat treated magnolia 30\u00d7185 mm<\/li>\n\n\n\n<li>Black alder 28\u00d7140 and 28\u00d7120 mm<\/li>\n\n\n\n<li>Aspen 28\u00d7185 and 28\u00d7120 mm<\/li>\n\n\n\n<li>Heat-treated tar board 28\u00d7140 and 28\u00d7120 mm<\/li>\n\n\n\n<li>Giant tool 26\u00d7140 mm<\/li>\n<\/ul>\n<\/li>\n\n\n\n<li><strong><strong>Backrests and intermediate space grates<\/strong><\/strong>:\n<ul class=\"wp-block-list\">\n<li>Table top 120 mm<\/li>\n\n\n\n<li>Same material as the board slats<\/li>\n<\/ul>\n<\/li>\n\n\n\n<li><strong><strong>Armrests<\/strong>:<\/strong>\n<ul class=\"wp-block-list\">\n<li>If the seat does not end in the wall of the ceiling, the armrest should be<\/li>\n\n\n\n<li>Same material as the tile<\/li>\n<\/ul>\n<\/li>\n\n\n\n<li><strong>Lute frames and mounting accessories<\/strong>\n<ul class=\"wp-block-list\">\n<li>The frame is made of softwood (42\u00d766 mm) and moisture-resistant plywood<\/li>\n\n\n\n<li>Feet with adjustable feet, plastic foot and steel screw +- 20 mm adjustment<\/li>\n\n\n\n<li>The screws are electro-galvanised or brass-plated, highly resistant in damp environments<\/li>\n\n\n\n<li>The board package comes with plywood sheets for fitting<\/li>\n<\/ul>\n<\/li>\n\n\n\n<li><strong>Sauna stools<\/strong>\n<ul class=\"wp-block-list\">\n<li>Standard 500\u00d7800 mm (height 380 mm), single-level<\/li>\n\n\n\n<li>2-high 600\u00d7800 mm (height 550 mm 275+275)<\/li>\n\n\n\n<li>The riser feet are always equipped with adjustable feet, plastic feet and a steel screw with +-20 mm adjustment.<\/li>\n\n\n\n<li>If the height of the stool is more than 1150 mm or the space can accommodate a wider stool, we recommend a 2-legged stool or a specially sized riser.<\/li>\n<\/ul>\n<\/li>\n\n\n\n<li><strong>Before you start panelling, you should take into account<\/strong>\n<ul class=\"wp-block-list\">\n<li><strong>Height of the reinforcements of the upper decks<\/strong>\n<ul class=\"wp-block-list\">\n<li>The centre of the board reinforcements is installed at 990 mm (board height 1050 mm) or 1090 mm (board height 1150 mm) above the floor.<\/li>\n<\/ul>\n<\/li>\n\n\n\n<li><strong>Attachment to the lower deck<\/strong>\n<ul class=\"wp-block-list\">\n<li>If the bottom plate ends in a wall, reinforcements are needed for the bottom plate. The centre of the bracket is installed 570 mm (board height 1050 mm) or 670 mm (board height 1150 mm) above the floor. <\/li>\n<\/ul>\n<\/li>\n\n\n\n<li><strong>Installation height of the backrest of the board<\/strong>\n<ul class=\"wp-block-list\">\n<li>The recommended height of the backrest is approximately 125 mm from the top surface. The upper edge of the backrest is 1430 mm (board height 1050 mm) or 1530 mm (board height 1150 mm) above the floor. Backrests do not require reinforcement under the panels. Please remember to check at the design stage that the backrest fits under the sauna windows.    <\/li>\n<\/ul>\n<\/li>\n<\/ul>\n<\/li>\n\n\n\n<li><strong>Relax XL<\/strong>\n<ul class=\"wp-block-list\">\n<li>The Relax XL model has no spaces between the upper and lower leg, the footrest continues under the seat cushion.<\/li>\n<\/ul>\n<\/li>\n<\/ul>\n\n\n\n<div class=\"wp-block-buttons is-layout-flex wp-block-buttons-is-layout-flex\">\n<div class=\"wp-block-button\"><a class=\"wp-block-button__link wp-element-button\" href=\"https:\/\/sunsauna.fi\/en\/home-spa\/care-instructions-for-home-spa-decks\/\">Care instructions<\/a><\/div>\n\n\n\n<div class=\"wp-block-button\"><a class=\"wp-block-button__link wp-element-button\" href=\"https:\/\/sunsauna.fi\/en\/home-spa\/brewing-materials\/\">Brewing materials<\/a><\/div>\n<\/div>\n<\/div>\n<\/div>                    <\/div>\r\n                                    <div\r\n                        class=\"tab-panel\"\r\n                        role=\"tabpanel\"\r\n                        aria-labelledby=\"tab-button-tab-1\"\r\n                        id=\"tab-1\"\r\n                        hidden>\r\n                        \r\n<div class=\"block-tab\" data-tab-title=\"Tab Title\">\r\n    \n<div class=\"wp-block-wds-tab\">\n<h3 class=\"wp-block-heading tab-title\">Why a ready-made board?<\/h3>\n\n\n\n<ul class=\"wp-block-list\">\n<li><strong>Ready-to-assemble board package<\/strong>\n<ul class=\"wp-block-list\">\n<li>Wave is a made-to-measure stove that is manufactured to the exact dimensions of your sauna.<\/li>\n\n\n\n<li>Laude is pre-assembled at the factory and installation is quick and easy.<\/li>\n<\/ul>\n<\/li>\n\n\n\n<li>A professional design service, with the best sauna experts in the country at your service.<\/li>\n\n\n\n<li>All lauderalls are removable for cleaning and maintenance.The rails on the footboard are removable without tools. The spike has a brass bush to prevent it from getting stuck <\/li>\n\n\n\n<li>A fibre groove is milled in the front edge of the seat if a fibre-optic lamp is fitted.<\/li>\n\n\n\n<li>Our own skilled carpenters of whom we are proud<\/li>\n\n\n\n<li>The quality of Sun Sauna&#8217;s decking is known in advance<\/li>\n\n\n\n<li>Domestic board manufacturer<\/li>\n\n\n\n<li>All our lutes are manufactured in our factory in Jyv\u00e4skyl\u00e4, Finland<a href=\"https:\/\/sunsauna.fi\/wp-content\/uploads\/2016\/02\/timo_tyon_laatu.jpg\"><\/a><\/li>\n<\/ul>\n\n\n\n<div class=\"wp-block-buttons is-layout-flex wp-block-buttons-is-layout-flex\">\n<div class=\"wp-block-button\"><a class=\"wp-block-button__link wp-element-button\" href=\"https:\/\/sunsauna.fi\/en\/home-spa\/care-instructions-for-home-spa-decks\/\">Care instructions<\/a><\/div>\n\n\n\n<div class=\"wp-block-button\"><a class=\"wp-block-button__link wp-element-button\" href=\"https:\/\/sunsauna.fi\/en\/home-spa\/brewing-materials\/\">Brewing materials<\/a><\/div>\n<\/div>\n<\/div>\n<\/div>                    <\/div>\r\n                            <\/div>\r\n        <\/div>\r\n    <\/div>\r\n<\/section>","protected":false},"excerpt":{"rendered":"","protected":false},"author":2,"featured_media":11936,"parent":11934,"menu_order":0,"comment_status":"closed","ping_status":"closed","template":"","meta":{"_acf_changed":false,"_page_background_color":"wds-light","footnotes":""},"class_list":["post-11965","page","type-page","status-publish","has-post-thumbnail","hentry"],"acf":[],"featured_image_src":"https:\/\/sunsauna.fi\/wp-content\/uploads\/2018\/03\/wave_saunan_laude_mallisto_L-laude_jalkakaide_kiukaan-edessa.jpg","_links":{"self":[{"href":"https:\/\/sunsauna.fi\/en\/wp-json\/wp\/v2\/pages\/11965","targetHints":{"allow":["GET"]}}],"collection":[{"href":"https:\/\/sunsauna.fi\/en\/wp-json\/wp\/v2\/pages"}],"about":[{"href":"https:\/\/sunsauna.fi\/en\/wp-json\/wp\/v2\/types\/page"}],"author":[{"embeddable":true,"href":"https:\/\/sunsauna.fi\/en\/wp-json\/wp\/v2\/users\/2"}],"replies":[{"embeddable":true,"href":"https:\/\/sunsauna.fi\/en\/wp-json\/wp\/v2\/comments?post=11965"}],"version-history":[{"count":3,"href":"https:\/\/sunsauna.fi\/en\/wp-json\/wp\/v2\/pages\/11965\/revisions"}],"predecessor-version":[{"id":14596,"href":"https:\/\/sunsauna.fi\/en\/wp-json\/wp\/v2\/pages\/11965\/revisions\/14596"}],"up":[{"embeddable":true,"href":"https:\/\/sunsauna.fi\/en\/wp-json\/wp\/v2\/pages\/11934"}],"wp:featuredmedia":[{"embeddable":true,"href":"https:\/\/sunsauna.fi\/en\/wp-json\/wp\/v2\/media\/11936"}],"wp:attachment":[{"href":"https:\/\/sunsauna.fi\/en\/wp-json\/wp\/v2\/media?parent=11965"}],"curies":[{"name":"wp","href":"https:\/\/api.w.org\/{rel}","templated":true}]}}